{"id":263,"date":"2018-03-07T11:38:17","date_gmt":"2018-03-07T11:38:17","guid":{"rendered":"http:\/\/buddhistische-akademie-bb.de\/?page_id=263"},"modified":"2025-06-25T09:22:43","modified_gmt":"2025-06-25T09:22:43","slug":"kooperationen","status":"publish","type":"page","link":"https:\/\/buddhistische-akademie-bb.de\/?page_id=263","title":{"rendered":"Vortr\u00e4ge und Gespr\u00e4chsabende 2022"},"content":{"rendered":"<p><img loading=\"lazy\" decoding=\"async\" class=\"size-full wp-image-1271 alignleft\" src=\"https:\/\/buddhistische-akademie-bb.de\/wp-content\/uploads\/2019\/11\/metta_irene-wulff.gif\" alt=\"\" width=\"150\" height=\"188\" \/><span style=\"color: #000000;\"><strong>20. Januar 2022<\/strong><br \/>\n<\/span><\/p>\n<p><span style=\"color: #000000;\"><strong>Ehrlichkeit &#8211; das Vertrauen in die Wahrheit des Moments<\/strong><\/span><\/p>\n<p><strong>mit Metta Irene Wulff<\/strong><\/p>\n<p>Donnerstag 19-21 Uhr<\/p>\n<p><a href=\"http:\/\/www.buddhistische-akademie-bb.de\/?page_id=383#Wulff\">zur Person<\/a><\/p>\n<p>Wie ehrlich und wahrhaftig sind wir im Umgang mit uns selbst und anderen?<br \/>\nEhrlichkeit ist ein Ethisches Prinzip, eine Qualit\u00e4t die wir uns w\u00fcnschen in der Begegnung mit Anderen und es ist ebenso wichtig in unserer Beziehung zu uns selbst.<br \/>\nWie k\u00f6nnten wir uns spirituell weiterentwickeln, wenn wir nicht im Kontakt sind mit der Realit\u00e4t dieses Moments? Wenn wir nicht ehrlich mit Anderen sind, nehmen wir ihnen die M\u00f6glichkeit, der Realit\u00e4t dieses Moments zu begegnen, sie zu erfassen.<\/p>\n<p>Wir wollen uns an diesem Abend anschauen wie wir im Alltagsleben und auch in der Meditationspraxis dieser Qualit\u00e4t begegnen. Wir wollen uns auch fragen, was sind denn die Situationen in denen es mir schwer f\u00e4llt wahrhaftig zu sein? Was sind die Ursachen daf\u00fcr?<\/p>\n<hr \/>\n<p><span style=\"color: #800000;\"><img loading=\"lazy\" decoding=\"async\" class=\"alignnone size-full wp-image-106\" src=\"https:\/\/buddhistische-akademie-bb.de\/wp-content\/uploads\/2017\/11\/lily_besilly.gif\" alt=\"\" width=\"150\" height=\"188\" \/>\u00a0 <img loading=\"lazy\" decoding=\"async\" class=\"alignnone size-full wp-image-1839\" src=\"https:\/\/buddhistische-akademie-bb.de\/wp-content\/uploads\/2020\/10\/ursula-richard.gif\" alt=\"\" width=\"150\" height=\"188\" \/><br \/>\n<span style=\"color: #000000;\"><strong>17. Februar 2022<\/strong><\/span><\/span><\/p>\n<p><span style=\"color: #000000;\"><strong>Fallen auf dem Weg<\/strong><\/span><\/p>\n<p><strong>Gespr\u00e4chsabend mit Lily Besilly und Ursula Richard<\/strong><\/p>\n<p>Donnerstag 19-21 Uhr<\/p>\n<p><a href=\"http:\/\/www.buddhistische-akademie-bb.de\/?page_id=383#Besilly\">zur Person<\/a><\/p>\n<p>&#8222;Schlie\u00dfe die Kluft zwischen dem Selbst und dir selbst&#8220;, so ein Ausspruch des Zen-Meisters Taisen Maezumi. Wie aber schlie\u00dfen wir die Kluft zwischen unseren Vorstellungen, Ideen und Glaubenss\u00e4tzen \u00fcber uns und die Welt und dem Leben, wie es sich in uns von Moment zu Moment entfaltet? Wie gehen wir mit den Stolpersteinen und Fallgruben um, die uns auf unserem Weg immer wieder ins Straucheln zu bringen drohen? An diesem Abend werden\u00a0 Lily Besilly und Ursula Richard zun\u00e4chst im Zweiergespr\u00e4ch und dann im Austausch mit den Teilnehmenden das Thema n\u00e4her beleuchten.<\/p>\n<hr \/>\n<p><span style=\"color: #000000;\"><strong>24. Februar 2022<img loading=\"lazy\" decoding=\"async\" class=\"size-full wp-image-3011 alignright\" src=\"https:\/\/buddhistische-akademie-bb.de\/wp-content\/uploads\/2022\/01\/bettina_romhardt.gif\" alt=\"\" width=\"150\" height=\"188\" \/><\/strong><\/span><\/p>\n<p><span style=\"color: #000000;\"><strong>Offenheit des Geistes<br \/>\n<\/strong><\/span><br \/>\n<strong>Bettina Romhardt<\/strong><\/p>\n<p>Donnerstag 19-21 Uhr<\/p>\n<p><a href=\"http:\/\/www.buddhistische-akademie-bb.de\/?page_id=383#Romhardt\">zur Person<\/a><\/p>\n<p>Offenheit des Geistes hat unter Praktizierenden einen hohen Wert. Im Umgang mit unseren Ansichten und den Ansichten anderer sehen wir unmittelbar die Offenheit oder Enge unseres Geistes. Festhalten an Ansichten f\u00fchrt zu Konflikten unter Kollegen, Freunden, in Familien, auf kollektiver Ebene zu K\u00e4mpfen und Kriegen.<\/p>\n<div>In der aktuellen Pandemie erleben wir<strong>,<\/strong> welches Potential an Trennung, Spaltung, Aversion, Hass, Verzweiflung im \u201enicht-friedvollen\u201d Umgang mit Ansichten liegt.<\/div>\n<p>In den 14 Achtsamkeits\u00fcbungen des Ordens Intersein finden wir U\u0308bungswege, die unsere Offenheit des Geistes sta\u0308rken und unser Bewusstsein fu\u0308r das Anhaften an Ansichten aller Art erho\u0308hen.<\/p>\n<p><iframe loading=\"lazy\" title=\"Offenheit des Geistes - Vortrag von Bettina Romhardt\" width=\"616\" height=\"347\" src=\"https:\/\/www.youtube.com\/embed\/gRRSzP_TAu4?feature=oembed\" frameborder=\"0\" allow=\"accelerometer; autoplay; clipboard-write; encrypted-media; gyroscope; picture-in-picture; web-share\" referrerpolicy=\"strict-origin-when-cross-origin\" allowfullscreen><\/iframe><\/p>\n<hr \/>\n<p><strong><span style=\"color: #000000;\">3. M\u00e4rz 2022<img loading=\"lazy\" decoding=\"async\" class=\"size-full wp-image-3010 alignright\" src=\"https:\/\/buddhistische-akademie-bb.de\/wp-content\/uploads\/2022\/01\/lydia-roeder.gif\" alt=\"\" width=\"150\" height=\"188\" \/><\/span><\/strong><\/p>\n<p><strong><span style=\"color: #000000;\">Bilder aus einer anderen Welt <\/span><\/strong><br \/>\n<strong><span style=\"color: #000000;\">Vortrag \u00fcber das St. Joseph Hospice in Indien im Bundesstaat Tamil Nadu<\/span><\/strong><\/p>\n<p><strong>Lydia R\u00f6der<\/strong><\/p>\n<p>Donnerstag 19-21 Uhr<\/p>\n<p><a href=\"http:\/\/www.buddhistische-akademie-bb.de\/?page_id=383#Roeder\">zur Person<\/a><\/p>\n<p>Im S\u00fcdosten Indiens liegt das St. Joseph\u00b4s Hospice. 2006 von dem katholischen Priester Father Thomas ins Leben gerufen, beherbergt das Hospiz rund 300 Bewohner:innen, die von ihren Familien ausgesto\u00dfen oder verlassen worden sind. Finanziert wird das Hospiz ausschlie\u00dflich \u00fcber Spenden, es gibt keine \u00f6ffentlichen Gelder oder Zusch\u00fcsse. Bei meiner ehrenamtlichen T\u00e4tigkeit dort habe ich einen Umgang mit Krankheit, Schmerzen, Sterben und Tod kennengelernt, der so ganz anders war, als ich ihn bislang kannte. Sehr ber\u00fchrt haben mich auch die tiefe Menschlichkeit und die spirituelle St\u00e4rke der sterbenden Menschen. Davon werde ich in meinem Bilder-Vortrag erz\u00e4hlen. Ich m\u00f6chte ohne romantische Sch\u00f6nf\u00e4rberei einen Einblick geben in das Leben und Sterben in einer uns zun\u00e4chst so fremd erscheinenden Kultur.<\/p>\n<hr \/>\n<p><strong><span style=\"color: #000000;\">17. M\u00e4rz 2022<img loading=\"lazy\" decoding=\"async\" class=\"size-full wp-image-3008 alignright\" src=\"https:\/\/buddhistische-akademie-bb.de\/wp-content\/uploads\/2022\/01\/jayachitta.gif\" alt=\"\" width=\"150\" height=\"188\" \/><\/span><\/strong><\/p>\n<p><strong><span style=\"color: #000000;\">Tonglen \u2013 gegenw\u00e4rtig sein (trotz) <em>mit<\/em> Leid<\/span><\/strong><\/p>\n<p><strong>Jayachitta<\/strong><\/p>\n<p>Donnerstag 19-21 Uhr<\/p>\n<p><a href=\"http:\/\/www.buddhistische-akademie-bb.de\/?page_id=383#Jayachitta\">zur Person<\/a><\/p>\n<p>Tonglen ist eine Meditationspraxis des Gebens und Nehmens \u2013 das Wort bedeutet \u201eaussenden und aufnehmen\u201c. Die Praxis ist eng mit dem Training des Bodhisattvas verbunden, die\/der sich bedingungslos f\u00fcr das Leiden der Welt \u00f6ffnet.<br \/>\nIn unserer eigenen Praxis ist es vielleicht immer wieder eine Frage, wie wir offen bleiben oder still werden k\u00f6nnen, wenn wir wirklich den Schmerz und das Leid um uns herum wahrnehmen. Wie k\u00f6nnen wir, ohne uns abzuschotten, hier ganz pr\u00e4sent sein und erleben, dass wir ein Teil der Welt sind?<br \/>\nEinf\u00fchrung in eine Form der Tonglen Praxis, die K\u00f6rper und Stimme mit einbezieht.<br \/>\n<a href=\"https:\/\/www.playofnow.com\/events\/tonglen-ein-tanz-des-gebens-und-nehmens\">https:\/\/www.playofnow.com\/events\/tonglen-ein-tanz-des-gebens-und-nehmens<\/a><\/p>\n<p><iframe loading=\"lazy\" title=\"Jayachitta: Tonglen \u2013 gegenw\u00e4rtig sein (trotz) mit Leid, Vortrag mit \u00dcbungen, 17. M\u00e4rz 2022\" width=\"616\" height=\"462\" src=\"https:\/\/www.youtube.com\/embed\/gkZJLtPZyHg?feature=oembed\" frameborder=\"0\" allow=\"accelerometer; autoplay; clipboard-write; encrypted-media; gyroscope; picture-in-picture; web-share\" referrerpolicy=\"strict-origin-when-cross-origin\" allowfullscreen><\/iframe><\/p>\n<hr \/>\n<p><span style=\"color: #000000;\"><strong>31. M\u00e4rz 2022<img loading=\"lazy\" decoding=\"async\" class=\"size-full wp-image-1983 alignright\" src=\"https:\/\/buddhistische-akademie-bb.de\/wp-content\/uploads\/2020\/12\/angelika-baur.gif\" alt=\"\" width=\"150\" height=\"188\" \/><\/strong><\/span><\/p>\n<p><strong><span style=\"color: #000000;\">Heilung unseres Herzens durch Vergebung <\/span><\/strong><\/p>\n<p><strong>Angelika Baur<br \/>\n<\/strong><\/p>\n<p>Donnerstag 19-21 Uhr<\/p>\n<p><a href=\"http:\/\/www.buddhistische-akademie-bb.de\/?page_id=383#Baur\">zur Person<\/a><\/p>\n<p>Was braucht es, um uns selbst und anderen zu verzeihen?<\/p>\n<p>Das Leben bringt es mit sich, dass wir verletzt werden und andere verletzen. Und durch \u00dcberforderung, hohe Anspr\u00fcche und Selbstbeurteilung f\u00fcgen wir uns oft selbst Leid zu. Die Kunst der Vergebung beginnt mit einem richtigen Verst\u00e4ndnis, was es wirklich bedeutet.\u00a0 Und es braucht den Mut eines wohlwollenden Herzens, mit dem wir das Schwierige in uns ber\u00fchren. Das geht nicht schnell, sondern ist ein zarter Prozess, indem das Herz dem Schmerz mitf\u00fchlend begegnet. So kann sich eine T\u00fcr f\u00fcr Heilung \u00f6ffnen.<br \/>\nWarum vergeben? Alte Verletzungen liegen wie eine Mauer um unser Herz. Vergebung ist nicht f\u00fcr die anderen, sondern in erster Linie f\u00fcr uns selbst! Wir befreien unser Herz von der Last der Vergangenheit. Wie kann das gehen?<br \/>\nEine gef\u00fchrte Meditation zur Vergebung l\u00e4dt ein, sich der M\u00f6glichkeit des Verzeihens behutsam zu n\u00e4hern.<\/p>\n<p><iframe loading=\"lazy\" title=\"Heilung unseres Herzens durch Vergebung - Vortrag von Angelika Baur\" width=\"616\" height=\"462\" src=\"https:\/\/www.youtube.com\/embed\/t-oj8c7x__U?feature=oembed\" frameborder=\"0\" allow=\"accelerometer; autoplay; clipboard-write; encrypted-media; gyroscope; picture-in-picture; web-share\" referrerpolicy=\"strict-origin-when-cross-origin\" allowfullscreen><\/iframe><\/p>\n<hr \/>\n<p><span style=\"color: #000000;\"><strong>14. April 2022<img loading=\"lazy\" decoding=\"async\" class=\"size-full wp-image-3190 alignright\" src=\"https:\/\/buddhistische-akademie-bb.de\/wp-content\/uploads\/2022\/03\/kathleen-battke.gif\" alt=\"\" width=\"150\" height=\"188\" \/><\/strong><\/span><\/p>\n<p><span style=\"color: #800000;\"><span style=\"color: #000000;\"><strong>In Frieden sein mitten im Krieg?<br \/>\n<\/strong><\/span><br \/>\n<strong><span style=\"color: #000000;\">Kathleen Hoetsu Battke<\/span><\/strong><\/span><\/p>\n<p><a href=\"http:\/\/www.buddhistische-akademie-bb.de\/?page_id=383#Battke\">zur Person<\/a><\/p>\n<p>Der Krieg gegen die, in der Ukraine ersch\u00fcttert viele von uns. Nicht, dass es der erste und einzige Krieg w\u00e4re &#8211; in anderen Teilen der Welt tobt jederzeit Gewalt, und unsere menschliche Zivilisation f\u00fchrt schon lange Krieg gegen die Natur.<br \/>\nUnd doch lassen wir uns immer wieder aufs Neue ber\u00fchren vom Leiden der Opfer, von der Entfremdetheit der Aggressoren.<br \/>\nWir h\u00f6ren den Ruf, sowohl auf unseren Kissen intensiv zu meditieren, als<br \/>\nauch aktiv Zeugnis abzulegen und ins Handeln zu kommen.<br \/>\nMit diesem Abend er\u00f6ffnen wir einen Raum, in dem wir uns von Herzen<br \/>\naustauschen k\u00f6nnen \u00fcber das, was der aktuelle Krieg gegen die Ukraine in<br \/>\nuns ausl\u00f6st (er w\u00fcrde dann bereits 7 Wochen dauern, was niemand von uns<br \/>\nhofft).<br \/>\nUnd wir stellen uns die Frage: Welche Art Praxis hilft uns, in die<br \/>\nextremen Spannungen des Lebens einzutauchen statt die Augen zu<br \/>\nverschlie\u00dfen oder davonzulaufen? Und wie k\u00f6nnen wir dabei<br \/>\nselbstf\u00fcrsorgliche, kraftvolle, durchl\u00e4ssige Bodhisattvas sein, werden,<br \/>\nbleiben?<\/p>\n<p><iframe loading=\"lazy\" title=\"In Frieden sein mitten im Krieg, Vortrag von Kathleen Battke\" width=\"616\" height=\"347\" src=\"https:\/\/www.youtube.com\/embed\/n5Uq48nVqtQ?feature=oembed\" frameborder=\"0\" allow=\"accelerometer; autoplay; clipboard-write; encrypted-media; gyroscope; picture-in-picture; web-share\" referrerpolicy=\"strict-origin-when-cross-origin\" allowfullscreen><\/iframe><\/p>\n<hr \/>\n<p><strong><span style=\"color: #000000;\">12. Mai 2022 <img loading=\"lazy\" decoding=\"async\" class=\"size-medium wp-image-3243 alignright\" src=\"https:\/\/buddhistische-akademie-bb.de\/wp-content\/uploads\/2022\/03\/sister-simplicity.gif\" alt=\"\" width=\"150\" height=\"188\" \/><\/span><\/strong><\/p>\n<p><span style=\"color: #800000;\"><strong><span style=\"color: #000000;\">Stabilit\u00e4t in Krisenzeiten<br \/>\n<\/span><br \/>\n<\/strong><\/span><strong>Shifu Simplicity<\/strong><\/p>\n<p>Donnerstag 19-21 Uhr<\/p>\n<p><a href=\"http:\/\/www.buddhistische-akademie-bb.de\/?page_id=383#Simplicity\">zur Person<\/a><\/p>\n<p>Ort f\u00fcr die Live-Teilnahmen: Miao Fa Zentrum f\u00fcr Meditation und Chan-Buddhismus, Streitstr. 23, 13587 Berlin Spandau, 030-74074628, info@miao-fa.de<\/p>\n<p>Die \u00e4u\u00dfere Welt wird ersch\u00fcttert von drastischen Krisen. Wie k\u00f6nnen wir unseren inneren Frieden und Stabilit\u00e4t kultivieren um nicht in Angst oder Frustration zu versinken? Welche Methoden k\u00f6nnen uns im Alltag st\u00fctzen.<br \/>\nShifu Simplicity berichtet aus ihrer pers\u00f6nlichen Praxis.<\/p>\n<p><iframe loading=\"lazy\" title=\"Shifu Simplicity: Stabilit\u00e4t in Krisenzeiten, Vortrag vom 12. Mai 2022\" width=\"616\" height=\"347\" src=\"https:\/\/www.youtube.com\/embed\/F-LC1QdEd-U?feature=oembed\" frameborder=\"0\" allow=\"accelerometer; autoplay; clipboard-write; encrypted-media; gyroscope; picture-in-picture; web-share\" referrerpolicy=\"strict-origin-when-cross-origin\" allowfullscreen><\/iframe><\/p>\n<hr \/>\n<div class=\"post-content entry-content\">\n<p><span style=\"color: #000000;\"><strong>16. Juni 2022<img loading=\"lazy\" decoding=\"async\" class=\"size-full wp-image-106 alignright\" src=\"https:\/\/buddhistische-akademie-bb.de\/wp-content\/uploads\/2017\/11\/lily_besilly.gif\" alt=\"\" width=\"150\" height=\"188\" \/><\/strong><\/span><\/p>\n<p><span style=\"color: #000000;\"><strong>Gro\u00dfz\u00fcgigkeit \u2013 N\u00e4hrende Verbindung zu uns selbst und anderen<\/strong><\/span><\/p>\n<p><strong>Lily Besilly<\/strong><\/p>\n<p><a href=\"http:\/\/www.buddhistische-akademie-bb.de\/?page_id=383#Besilly\">zur Person<\/a><\/p>\n<p>Grossz\u00fcgigkeit ist eine der sechs Paramitas, der \u00dcbungen, die uns auf dem Weg zum Erwachen unterst\u00fctzen und eine heilsame Ausrichtung stabilisieren. Die grossen Bereiche von Grossz\u00fcgigkeit, die wir ein\u00fcben, betreffen Dinge und materielle Unterst\u00fctzung, Zeit und Aufmerksamkeit sowie heilsame Einsichten, die und aus denen wir schenken k\u00f6nnen. Wie tief und vollst\u00e4ndig wir Gro\u00dfz\u00fcgigkeit dar\u00fcber hinaus verstehen und erfahren k\u00f6nnen, darum geht es in diesem Vortrag.<br \/>\nEine Einladung unserem Verst\u00e4ndnis f\u00fcr Grossz\u00fcgigkeit mehr Raum zu geben und die Kraft dieser \u00dcbung im Alltag zu sp\u00fcren.<br \/>\nVortrag und Austausch<\/p>\n<div>\n<hr \/>\n<\/div>\n<\/div>\n<div class=\"post-content entry-content\">\n<h6><span style=\"color: #800000;\">Zum weisen Umgang mit Alter, Krankeit, Tod und Trauer<\/span><\/h6>\n<p><span style=\"color: #800000;\">4- teilige Vortragsreihe, Teil 1<\/span><\/p>\n<p><strong>15. September 2022<img loading=\"lazy\" decoding=\"async\" class=\"size-full wp-image-3610 alignright\" src=\"https:\/\/buddhistische-akademie-bb.de\/wp-content\/uploads\/2022\/09\/wilfried-reuter_22.gif\" alt=\"\" width=\"150\" height=\"188\" \/><\/strong><\/p>\n<p><strong>\u201e Hast du die G\u00f6tterboten schon geh\u00f6rt? \u2013<\/strong><br \/>\n<strong>Zum Umgang mit Krankheit, Alter und Tod\u201c<\/strong><\/p>\n<p><strong>Wilfried Reuter<\/strong><\/p>\n<p><a href=\"http:\/\/www.buddhistische-akademie-bb.de\/?page_id=383#Reuter\">zur Person<\/a><\/p>\n<p>Die Einschr\u00e4nkungen und Beschwerden bei Alter, Unfall und Krankheit, die gro\u00dfen Fragen mit Blick auf den Tod \u2013 sie alle bedeuten gro\u00dfe Herausforderungen f\u00fcr uns. Wie wollen wir sein, wie den G\u00f6tterboten begegnen, wenn sie in unser<br \/>\nLeben treten? An wen oder was k\u00f6nnen wir uns dann wenden? Und wo finden wir Trost?<br \/>\nWir wollen eine vorsichtige Einsch\u00e4tzung wagen.<\/p>\n<p><iframe loading=\"lazy\" title=\"&quot;ZUM WEISEN UMGANG MIT ALTER, KRANKEIT, TOD UND TRAUER&quot; Vortragsreihe Teil 1\" width=\"616\" height=\"347\" src=\"https:\/\/www.youtube.com\/embed\/3F8qiCEKUrA?feature=oembed\" frameborder=\"0\" allow=\"accelerometer; autoplay; clipboard-write; encrypted-media; gyroscope; picture-in-picture; web-share\" referrerpolicy=\"strict-origin-when-cross-origin\" allowfullscreen><\/iframe><\/p>\n<hr \/>\n<p><strong>22. September 2022<img loading=\"lazy\" decoding=\"async\" class=\"size-full wp-image-718 alignright\" src=\"https:\/\/buddhistische-akademie-bb.de\/wp-content\/uploads\/2018\/11\/ulrike-Juchmann.gif\" alt=\"\" width=\"150\" height=\"188\" \/><\/strong><\/p>\n<p><strong>Die Kraft der Selbstf\u00fcrsorge<\/strong><\/p>\n<p><strong>Ulrike Juchmann<\/strong><\/p>\n<p><a href=\"http:\/\/www.buddhistische-akademie-bb.de\/?page_id=383#Juchmann\">zur Person<\/a><\/p>\n<p>Warum sind Menschen in helfenden Berufsfeldern besonders gef\u00e4hrdet, die eigenen Grenzen und Bed\u00fcrfnisse zu \u00fcbersehen?<br \/>\nSelbstf\u00fcrsorge ist kein Luxus sondern Voraussetzung f\u00fcr das Helfen. Wir werden beleuchten, was Selbstf\u00fcrsorge ist und wie Meditation dabei helfen kann.<br \/>\nTheorie, \u00dcben und Austausch.<br \/>\nDer Abend basiert auf dem Buch von Ulrike Juchmann:\u00a0 \u201cSelbstf\u00fcrsorge in helfenden Berufen. Wie Achtsamkeit im Arbeitsalltag gelingt.\u201d 2022, Kohlhammer Verlag<\/p>\n<p><iframe loading=\"lazy\" title=\"Die Kraft der Selbstf\u00fcrsorge, Vortrag von Ulrike Juchmann\" width=\"616\" height=\"347\" src=\"https:\/\/www.youtube.com\/embed\/SStuShObvow?feature=oembed\" frameborder=\"0\" allow=\"accelerometer; autoplay; clipboard-write; encrypted-media; gyroscope; picture-in-picture; web-share\" referrerpolicy=\"strict-origin-when-cross-origin\" allowfullscreen><\/iframe><\/p>\n<hr \/>\n<h6><span style=\"color: #800000;\">Zum weisen Umgang mit Alter, Krankeit, Tod und Trauer<\/span><\/h6>\n<p><span style=\"color: #800000;\">4- teilige Vortragsreihe, Teil 2<\/span><\/p>\n<p><strong>6. Oktober 2022<img loading=\"lazy\" decoding=\"async\" class=\"size-full wp-image-3010 alignright\" src=\"https:\/\/buddhistische-akademie-bb.de\/wp-content\/uploads\/2022\/01\/lydia-roeder.gif\" alt=\"\" width=\"150\" height=\"188\" \/><\/strong><\/p>\n<p><strong>Was ist wesentlich in der Begleitung von <\/strong><br \/>\n<strong>sterbenden Menschen?<\/strong><\/p>\n<p>Lydia R\u00f6der<\/p>\n<p><a href=\"http:\/\/www.buddhistische-akademie-bb.de\/?page_id=383#Roeder\">zur Person<\/a><\/p>\n<p>Vortrag mit \u00dcbungen und Austausch.<br \/>\nDas Leben ist kostbar und bleibt es bei Krankheit und Tod, auch in seiner Einmaligkeit und Ganzheitlichkeit. Wie begleiten wir das Leben von schwerkranken und sterbenden Menschen? K\u00f6nnen wir etwas beitragen, damit Menschen in Frieden sterben und bis zuletzt leben k\u00f6nnen? Was tr\u00e4gt und h\u00e4lt sie und uns?<br \/>\n<a href=\"http:\/\/www.lydia-roeder.de\">www.lydia-roeder.de<\/a><\/p>\n<p>\u201eDu z\u00e4hlst, weil Du du bist, bis zuletzt.\u201c (C. Saunders)<\/p>\n<p><iframe loading=\"lazy\" title=\"&quot;ZUM WEISEN UMGANG MIT ALTER, KRANKEIT, TOD UND TRAUER&quot; Vortragsreihe Teil 2\" width=\"616\" height=\"347\" src=\"https:\/\/www.youtube.com\/embed\/qhm7jxM2QG4?feature=oembed\" frameborder=\"0\" allow=\"accelerometer; autoplay; clipboard-write; encrypted-media; gyroscope; picture-in-picture; web-share\" referrerpolicy=\"strict-origin-when-cross-origin\" allowfullscreen><\/iframe><\/p>\n<hr \/>\n<p><strong>1. Dezember 2022<img loading=\"lazy\" decoding=\"async\" class=\"size-full wp-image-3680 alignright\" src=\"https:\/\/buddhistische-akademie-bb.de\/wp-content\/uploads\/2022\/10\/doris-harder.gif\" alt=\"\" width=\"150\" height=\"188\" \/><\/strong><strong>Und h\u00e4tte die Liebe nicht \u2026<\/strong><\/p>\n<div>\n<div><strong><strong>Doris Harder<\/strong><\/strong><\/p>\n<\/div>\n<\/div>\n<p><a href=\"http:\/\/www.buddhistische-akademie-bb.de\/?page_id=383#Harder\">zur Person<\/a><\/p>\n<p>Was ist Liebe im Buddhismus, was ist sie im Christentum, was bedeutet bedingungslose Liebe? D\u00fcrfen wir uns selbst lieben oder ist das schon Egoismus? Oder m\u00fcssen wir uns selbst lieben, um andere lieben zu k\u00f6nnen? Viele Vorstellungen ranken um die (romantische) Liebe als Gef\u00fchl. Die bedingungslose Liebe \u2013 als innere Haltung und Ausrichtung \u2013 kann Quelle, Orientierung und Kraftspenderin auf unserem spirituellen Weg sein. Nach einem Impulsvortrag und angeleiteter Kurzmeditation wird Raum f\u00fcr Austausch und Fragen sein.<strong><br \/>\n<\/strong><\/p>\n<hr \/>\n<h6><span style=\"color: #800000;\">Zum weisen Umgang mit Alter, Krankeit, Tod und Trauer<\/span><\/h6>\n<p><span style=\"color: #800000;\">4- teilige Vortragsreihe, Teil 4<\/span><\/p>\n<p><strong>8. Dezember 2022<img loading=\"lazy\" decoding=\"async\" class=\"size-full wp-image-3799 alignright\" src=\"https:\/\/buddhistische-akademie-bb.de\/wp-content\/uploads\/2022\/11\/lisa_freund_2022.gif\" alt=\"\" width=\"150\" height=\"188\" \/><\/strong><\/p>\n<p><strong>Der Kreislauf von Hoffnung und Furcht bei lebensbedrohlicher Erkrankung und Wege der Heilung<\/strong><\/p>\n<p><strong>mit Lisa Freund<br \/>\n<\/strong><br \/>\n<a href=\"http:\/\/www.buddhistische-akademie-bb.de\/?page_id=383#Freund\">zur Person<\/a><\/p>\n<p>Was tun, wenn aus heiterem Himmel die Diagnose einer lebensbedrohlichen Erkrankung uns vor Augen f\u00fchrt: Das Leben k\u00f6nnte bald zu Ende sein? Wie k\u00f6nnen wir mit der aktuellen Notlage, belastenden Emotionen, Hoffnung und Furcht, dem Warten auf \u2026 heilsam und ganz lebenspraktisch umgehen?<br \/>\nBasierend auf eigenen Erfahrungen mit einer palliativen Diagnose in diesem Jahr m\u00f6chte ich dazu inspirieren, zuversichtlich und vertrauensvoll zu sein und Wege der Heilung zu entdecken.<\/p>\n<p>Lisa Freund ist seit 1990 dem Buddhismus und der Hospizbewegung sehr verbunden. Sie hat Politologie und Germanistik studiert, arbeitet heute als Autorin, Supervisorin \u00a0und Seminarleiterin zu den Themen spirituelle Begleitung im Leben und Sterben. Sie ist Mitgr\u00fcnderin des Internetmagazins elysium.digital, zusammen mit Michael Ziegert. 2022 erlebt sie eine Krebserkrankung mit palliativer Diagnose und ist auf dem Weg zur Heilung.<\/p>\n<p><iframe loading=\"lazy\" title=\"&quot;ZUM WEISEN UMGANG MIT ALTER, KRANKEIT, TOD UND TRAUER&quot; Vortragsreihe Teil 4\" width=\"616\" height=\"347\" src=\"https:\/\/www.youtube.com\/embed\/XmqAhzj3Irs?feature=oembed\" frameborder=\"0\" allow=\"accelerometer; autoplay; clipboard-write; encrypted-media; gyroscope; picture-in-picture; web-share\" referrerpolicy=\"strict-origin-when-cross-origin\" allowfullscreen><\/iframe><\/p>\n<hr \/>\n<p><strong>16. Dezember 2022<img loading=\"lazy\" decoding=\"async\" class=\"size-full wp-image-112 alignright\" src=\"https:\/\/buddhistische-akademie-bb.de\/wp-content\/uploads\/2017\/11\/sylvia_wetzel.gif\" alt=\"\" width=\"150\" height=\"188\" \/><\/strong><\/p>\n<p><strong>Gr\u00fcne Tara \u2013 Freie Frau.<br \/>\nEin praktischer Weg zum integralen Bewusstsein<br \/>\n<\/strong><\/p>\n<p><strong>Sylvia Wetzel<\/strong><\/p>\n<p><a href=\"http:\/\/www.buddhistische-akademie-bb.de\/?page_id=383#Wetzel\">zur Person<\/a><\/p>\n<p>Wer ist die Gr\u00fcne Tara? Warum und wozu braucht es ein weibliches Bild des Erwachens? Diese Frage besch\u00e4ftigt mich seit ich im Sommer 1977 in Dharamsala das erste Mal von der Gr\u00fcnen Tara h\u00f6rte. Die \u00dcberlegungen des Kulturphilosophen Jean Gebser waren mir eine gro\u00dfe Hilfe, die tiefe Wirkung dieser Imaginationspraxis aus dem indischen Mahayana auch intellektuell nachvollziehen zu k\u00f6nnen.<\/p>\n<p><iframe loading=\"lazy\" title=\"Gr\u00fcne Tara \u2013 Freie Frau. Ein praktischer Weg zum integralen Bewusstsein, Vortrag von Sylvia Wetzel\" width=\"616\" height=\"347\" src=\"https:\/\/www.youtube.com\/embed\/w2Fhr9wY8D8?feature=oembed\" frameborder=\"0\" allow=\"accelerometer; autoplay; clipboard-write; encrypted-media; gyroscope; picture-in-picture; web-share\" referrerpolicy=\"strict-origin-when-cross-origin\" allowfullscreen><\/iframe><\/p>\n<\/div>\n","protected":false},"excerpt":{"rendered":"<p>20. Januar 2022 Ehrlichkeit &#8211; das Vertrauen in die Wahrheit des Moments mit Metta Irene Wulff Donnerstag 19-21 Uhr zur Person Wie ehrlich und wahrhaftig sind wir im Umgang mit uns selbst und anderen? Ehrlichkeit ist ein Ethisches Prinzip, eine Qualit\u00e4t die wir uns w\u00fcnschen in der Begegnung mit Anderen und es ist ebenso wichtig [&hellip;]<\/p>\n","protected":false},"author":1,"featured_media":0,"parent":0,"menu_order":0,"comment_status":"closed","ping_status":"closed","template":"","meta":{"footnotes":""},"class_list":["post-263","page","type-page","status-publish","hentry"],"yoast_head":"<!-- This site is optimized with the Yoast SEO plugin v25.3.1 - https:\/\/yoast.com\/wordpress\/plugins\/seo\/ -->\n<title>Vortr\u00e4ge und Gespr\u00e4chsabende 2022 - Buddhistische Akademie Berlin-Brandenburg<\/title>\n<meta name=\"description\" content=\"Meditation und Depression, Angst, Buddhismus\" \/>\n<meta name=\"robots\" content=\"noindex, follow\" \/>\n<meta property=\"og:locale\" content=\"de_DE\" \/>\n<meta property=\"og:type\" content=\"article\" \/>\n<meta property=\"og:title\" content=\"Vortr\u00e4ge und Gespr\u00e4chsabende 2022 - Buddhistische Akademie Berlin-Brandenburg\" \/>\n<meta property=\"og:description\" content=\"Meditation und Depression, Angst, Buddhismus\" \/>\n<meta property=\"og:url\" content=\"https:\/\/buddhistische-akademie-bb.de\/?page_id=263\" \/>\n<meta property=\"og:site_name\" content=\"Buddhistische Akademie Berlin-Brandenburg\" \/>\n<meta property=\"article:publisher\" content=\"https:\/\/www.facebook.com\/profile.php?id=100009188940719\" \/>\n<meta property=\"article:modified_time\" content=\"2025-06-25T09:22:43+00:00\" \/>\n<meta property=\"og:image\" content=\"https:\/\/buddhistische-akademie-bb.de\/wp-content\/uploads\/2019\/11\/metta_irene-wulff.gif\" \/>\n<meta name=\"twitter:card\" content=\"summary_large_image\" \/>\n<meta name=\"twitter:label1\" content=\"Gesch\u00e4tzte Lesezeit\" \/>\n\t<meta name=\"twitter:data1\" content=\"11\u00a0Minuten\" \/>\n<script type=\"application\/ld+json\" class=\"yoast-schema-graph\">{\"@context\":\"https:\/\/schema.org\",\"@graph\":[{\"@type\":\"WebPage\",\"@id\":\"https:\/\/buddhistische-akademie-bb.de\/?page_id=263\",\"url\":\"https:\/\/buddhistische-akademie-bb.de\/?page_id=263\",\"name\":\"Vortr\u00e4ge und Gespr\u00e4chsabende 2022 - Buddhistische Akademie Berlin-Brandenburg\",\"isPartOf\":{\"@id\":\"https:\/\/buddhistische-akademie-bb.de\/#website\"},\"primaryImageOfPage\":{\"@id\":\"https:\/\/buddhistische-akademie-bb.de\/?page_id=263#primaryimage\"},\"image\":{\"@id\":\"https:\/\/buddhistische-akademie-bb.de\/?page_id=263#primaryimage\"},\"thumbnailUrl\":\"https:\/\/buddhistische-akademie-bb.de\/wp-content\/uploads\/2019\/11\/metta_irene-wulff.gif\",\"datePublished\":\"2018-03-07T11:38:17+00:00\",\"dateModified\":\"2025-06-25T09:22:43+00:00\",\"description\":\"Meditation und Depression, Angst, Buddhismus\",\"breadcrumb\":{\"@id\":\"https:\/\/buddhistische-akademie-bb.de\/?page_id=263#breadcrumb\"},\"inLanguage\":\"de\",\"potentialAction\":[{\"@type\":\"ReadAction\",\"target\":[\"https:\/\/buddhistische-akademie-bb.de\/?page_id=263\"]}]},{\"@type\":\"ImageObject\",\"inLanguage\":\"de\",\"@id\":\"https:\/\/buddhistische-akademie-bb.de\/?page_id=263#primaryimage\",\"url\":\"https:\/\/buddhistische-akademie-bb.de\/wp-content\/uploads\/2019\/11\/metta_irene-wulff.gif\",\"contentUrl\":\"https:\/\/buddhistische-akademie-bb.de\/wp-content\/uploads\/2019\/11\/metta_irene-wulff.gif\",\"width\":150,\"height\":188},{\"@type\":\"BreadcrumbList\",\"@id\":\"https:\/\/buddhistische-akademie-bb.de\/?page_id=263#breadcrumb\",\"itemListElement\":[{\"@type\":\"ListItem\",\"position\":1,\"name\":\"Startseite\",\"item\":\"https:\/\/buddhistische-akademie-bb.de\/\"},{\"@type\":\"ListItem\",\"position\":2,\"name\":\"Vortr\u00e4ge und Gespr\u00e4chsabende 2022\"}]},{\"@type\":\"WebSite\",\"@id\":\"https:\/\/buddhistische-akademie-bb.de\/#website\",\"url\":\"https:\/\/buddhistische-akademie-bb.de\/\",\"name\":\"Buddhistische Akademie Berlin-Brandenburg\",\"description\":\"\",\"publisher\":{\"@id\":\"https:\/\/buddhistische-akademie-bb.de\/#organization\"},\"potentialAction\":[{\"@type\":\"SearchAction\",\"target\":{\"@type\":\"EntryPoint\",\"urlTemplate\":\"https:\/\/buddhistische-akademie-bb.de\/?s={search_term_string}\"},\"query-input\":{\"@type\":\"PropertyValueSpecification\",\"valueRequired\":true,\"valueName\":\"search_term_string\"}}],\"inLanguage\":\"de\"},{\"@type\":\"Organization\",\"@id\":\"https:\/\/buddhistische-akademie-bb.de\/#organization\",\"name\":\"Buddhistische Akademie Berlin Brandenburg\",\"url\":\"https:\/\/buddhistische-akademie-bb.de\/\",\"logo\":{\"@type\":\"ImageObject\",\"inLanguage\":\"de\",\"@id\":\"https:\/\/buddhistische-akademie-bb.de\/#\/schema\/logo\/image\/\",\"url\":\"https:\/\/buddhistische-akademie-bb.de\/wp-content\/uploads\/2021\/05\/Logo.jpg\",\"contentUrl\":\"https:\/\/buddhistische-akademie-bb.de\/wp-content\/uploads\/2021\/05\/Logo.jpg\",\"width\":268,\"height\":260,\"caption\":\"Buddhistische Akademie Berlin Brandenburg\"},\"image\":{\"@id\":\"https:\/\/buddhistische-akademie-bb.de\/#\/schema\/logo\/image\/\"},\"sameAs\":[\"https:\/\/www.facebook.com\/profile.php?id=100009188940719\",\"https:\/\/www.youtube.com\/channel\/UCQxxUAV0IA-9FF2Icr4J6fQ\"]}]}<\/script>\n<!-- \/ Yoast SEO plugin. -->","yoast_head_json":{"title":"Vortr\u00e4ge und Gespr\u00e4chsabende 2022 - Buddhistische Akademie Berlin-Brandenburg","description":"Meditation und Depression, Angst, Buddhismus","robots":{"index":"noindex","follow":"follow"},"og_locale":"de_DE","og_type":"article","og_title":"Vortr\u00e4ge und Gespr\u00e4chsabende 2022 - Buddhistische Akademie Berlin-Brandenburg","og_description":"Meditation und Depression, Angst, Buddhismus","og_url":"https:\/\/buddhistische-akademie-bb.de\/?page_id=263","og_site_name":"Buddhistische Akademie Berlin-Brandenburg","article_publisher":"https:\/\/www.facebook.com\/profile.php?id=100009188940719","article_modified_time":"2025-06-25T09:22:43+00:00","og_image":[{"url":"https:\/\/buddhistische-akademie-bb.de\/wp-content\/uploads\/2019\/11\/metta_irene-wulff.gif","type":"","width":"","height":""}],"twitter_card":"summary_large_image","twitter_misc":{"Gesch\u00e4tzte Lesezeit":"11\u00a0Minuten"},"schema":{"@context":"https:\/\/schema.org","@graph":[{"@type":"WebPage","@id":"https:\/\/buddhistische-akademie-bb.de\/?page_id=263","url":"https:\/\/buddhistische-akademie-bb.de\/?page_id=263","name":"Vortr\u00e4ge und Gespr\u00e4chsabende 2022 - Buddhistische Akademie Berlin-Brandenburg","isPartOf":{"@id":"https:\/\/buddhistische-akademie-bb.de\/#website"},"primaryImageOfPage":{"@id":"https:\/\/buddhistische-akademie-bb.de\/?page_id=263#primaryimage"},"image":{"@id":"https:\/\/buddhistische-akademie-bb.de\/?page_id=263#primaryimage"},"thumbnailUrl":"https:\/\/buddhistische-akademie-bb.de\/wp-content\/uploads\/2019\/11\/metta_irene-wulff.gif","datePublished":"2018-03-07T11:38:17+00:00","dateModified":"2025-06-25T09:22:43+00:00","description":"Meditation und Depression, Angst, Buddhismus","breadcrumb":{"@id":"https:\/\/buddhistische-akademie-bb.de\/?page_id=263#breadcrumb"},"inLanguage":"de","potentialAction":[{"@type":"ReadAction","target":["https:\/\/buddhistische-akademie-bb.de\/?page_id=263"]}]},{"@type":"ImageObject","inLanguage":"de","@id":"https:\/\/buddhistische-akademie-bb.de\/?page_id=263#primaryimage","url":"https:\/\/buddhistische-akademie-bb.de\/wp-content\/uploads\/2019\/11\/metta_irene-wulff.gif","contentUrl":"https:\/\/buddhistische-akademie-bb.de\/wp-content\/uploads\/2019\/11\/metta_irene-wulff.gif","width":150,"height":188},{"@type":"BreadcrumbList","@id":"https:\/\/buddhistische-akademie-bb.de\/?page_id=263#breadcrumb","itemListElement":[{"@type":"ListItem","position":1,"name":"Startseite","item":"https:\/\/buddhistische-akademie-bb.de\/"},{"@type":"ListItem","position":2,"name":"Vortr\u00e4ge und Gespr\u00e4chsabende 2022"}]},{"@type":"WebSite","@id":"https:\/\/buddhistische-akademie-bb.de\/#website","url":"https:\/\/buddhistische-akademie-bb.de\/","name":"Buddhistische Akademie Berlin-Brandenburg","description":"","publisher":{"@id":"https:\/\/buddhistische-akademie-bb.de\/#organization"},"potentialAction":[{"@type":"SearchAction","target":{"@type":"EntryPoint","urlTemplate":"https:\/\/buddhistische-akademie-bb.de\/?s={search_term_string}"},"query-input":{"@type":"PropertyValueSpecification","valueRequired":true,"valueName":"search_term_string"}}],"inLanguage":"de"},{"@type":"Organization","@id":"https:\/\/buddhistische-akademie-bb.de\/#organization","name":"Buddhistische Akademie Berlin Brandenburg","url":"https:\/\/buddhistische-akademie-bb.de\/","logo":{"@type":"ImageObject","inLanguage":"de","@id":"https:\/\/buddhistische-akademie-bb.de\/#\/schema\/logo\/image\/","url":"https:\/\/buddhistische-akademie-bb.de\/wp-content\/uploads\/2021\/05\/Logo.jpg","contentUrl":"https:\/\/buddhistische-akademie-bb.de\/wp-content\/uploads\/2021\/05\/Logo.jpg","width":268,"height":260,"caption":"Buddhistische Akademie Berlin Brandenburg"},"image":{"@id":"https:\/\/buddhistische-akademie-bb.de\/#\/schema\/logo\/image\/"},"sameAs":["https:\/\/www.facebook.com\/profile.php?id=100009188940719","https:\/\/www.youtube.com\/channel\/UCQxxUAV0IA-9FF2Icr4J6fQ"]}]}},"_links":{"self":[{"href":"https:\/\/buddhistische-akademie-bb.de\/index.php?rest_route=\/wp\/v2\/pages\/263","targetHints":{"allow":["GET"]}}],"collection":[{"href":"https:\/\/buddhistische-akademie-bb.de\/index.php?rest_route=\/wp\/v2\/pages"}],"about":[{"href":"https:\/\/buddhistische-akademie-bb.de\/index.php?rest_route=\/wp\/v2\/types\/page"}],"author":[{"embeddable":true,"href":"https:\/\/buddhistische-akademie-bb.de\/index.php?rest_route=\/wp\/v2\/users\/1"}],"replies":[{"embeddable":true,"href":"https:\/\/buddhistische-akademie-bb.de\/index.php?rest_route=%2Fwp%2Fv2%2Fcomments&post=263"}],"version-history":[{"count":321,"href":"https:\/\/buddhistische-akademie-bb.de\/index.php?rest_route=\/wp\/v2\/pages\/263\/revisions"}],"predecessor-version":[{"id":5131,"href":"https:\/\/buddhistische-akademie-bb.de\/index.php?rest_route=\/wp\/v2\/pages\/263\/revisions\/5131"}],"wp:attachment":[{"href":"https:\/\/buddhistische-akademie-bb.de\/index.php?rest_route=%2Fwp%2Fv2%2Fmedia&parent=263"}],"curies":[{"name":"wp","href":"https:\/\/api.w.org\/{rel}","templated":true}]}}