{"id":4579,"date":"2024-01-24T10:48:39","date_gmt":"2024-01-24T10:48:39","guid":{"rendered":"https:\/\/buddhistische-akademie-bb.de\/?page_id=4579"},"modified":"2024-10-23T09:31:06","modified_gmt":"2024-10-23T09:31:06","slug":"seminare-und-kurse-2024","status":"publish","type":"page","link":"https:\/\/buddhistische-akademie-bb.de\/?page_id=4579","title":{"rendered":"Seminare und Kurse 2024"},"content":{"rendered":"<div class=\"post-content entry-content\">\n<div class=\"post-content entry-content\"><\/div>\n<p><img loading=\"lazy\" decoding=\"async\" class=\"alignnone  wp-image-4957\" src=\"https:\/\/buddhistische-akademie-bb.de\/wp-content\/uploads\/2024\/09\/Eva-Schuermann-405x600.jpg\" alt=\"\" width=\"129\" height=\"191\" srcset=\"https:\/\/buddhistische-akademie-bb.de\/wp-content\/uploads\/2024\/09\/Eva-Schuermann-405x600.jpg 405w, https:\/\/buddhistische-akademie-bb.de\/wp-content\/uploads\/2024\/09\/Eva-Schuermann.jpg 432w\" sizes=\"auto, (max-width: 129px) 100vw, 129px\" \/> \u00a0 \u00a0 <img loading=\"lazy\" decoding=\"async\" class=\"alignnone size-full wp-image-717\" src=\"https:\/\/buddhistische-akademie-bb.de\/wp-content\/uploads\/2018\/11\/tenzin-peljor.gif\" alt=\"\" width=\"150\" height=\"188\" \/><\/p>\n<h5><span style=\"color: #993300;\"><strong>Jetzt hybrid:<\/strong><\/span><\/h5>\n<p><strong>29. November 2024<\/strong><\/p>\n<p><strong>Selbst und Nicht-Selbst im Lichte von westlicher Philosophie und Buddhismus<\/strong><\/p>\n<p><strong>Professorin Eva Sch\u00fcrmann &amp; Tenzin Peljor<\/strong><\/p>\n<p><span style=\"color: #993300;\"><strong>Live und online via Zoom<\/strong><\/span><br \/>\nOrt: Lotos-Vihara, Neue Blumenstr. 5, 10179 Berlin<br \/>\nZeit: 18:00 \u2013 21:00 Uhr<\/p>\n<p>Seminargeb\u00fchr: 35 Euro<\/p>\n<p>Anmeldung:\u00a0<a href=\"mailto:office@buddhistische-akademie-bb.de\">office@buddhistische-akademie-bb.de<\/a><\/p>\n<p>Die These von der Ichlosigkeit des Selbst geh\u00f6rt zu den provokantesten Behauptungen buddhistischer Weisheitslehren. Erfahren wir nicht Tag f\u00fcr Tag, dass wir ein Ich haben und sind? Dass der Grund unseres Selbst leer sein soll, ist schwer zu begreifen. Doch stellt sich bei n\u00e4herem Hinsehen heraus, dass ebenso schwer zu bestimmen ist, wer oder wo das Ich, das wir Selbst nennen, sein soll. Es ist buchst\u00e4blich nicht dingfest zu machen. Diese Einsicht findet sich daher nicht nur in \u00f6stlichen Denktraditionen, sondern auch in der westlichen Philosophiegeschichte, etwa bei David Hume, und erh\u00e4lt denkw\u00fcrdige Unterst\u00fctzung durch neuere Forschungsergebnisse der Hirnforschung. In einem halbt\u00e4gigen Intensivkurs wollen der buddhistische M\u00f6nch Tenzin Peljor und die westliche Philosophin Eva Sch\u00fcrmann \u00fcber Gemeinsamkeiten und Unterschiede west\u00f6stlicher Weisheitslehren diskutieren. Au\u00dferdem werden Meditationen angeleitet, um sich dem Thema Selbst und Nicht-Selbst meditativ anzun\u00e4hern. Anmeldung bitte sp\u00e4testens eine Woche vorher.<\/p>\n<p>Eva Sch\u00fcrmann ist seit 2011 Professorin f\u00fcr Kulturphilosophie und philosophische Anthropologie an der Universit\u00e4t Magdeburg. F\u00fcr ihre Forschungen erhielt sie 2014 den Wissenschaftspreis der Aby-Warburg-Stiftung. Seit 2015 ist sie Mitherausgeberin der Allgemeinen Zeitschrift f\u00fcr Philosophie (AZP).<\/p>\n<p>Zu ihren Ver\u00f6ffentlichungen z\u00e4hlen: \u00bbVorstellen und Darstellen. Eine medienanthropologische Theorie des Geistes,\u00ab Fink Verlag 2018. Und \u00bbFormen und Felder des Philosophierens.\u00ab Gemeins. m. H. Wittwer und S. Spanknebel, AlberVerlag 2017.<\/p>\n<p>Bhikshu Tenzin Peljor besch\u00e4ftigt sich seit 1995 mit Buddhismus und wurde 2006 von S.H. dem Dalai Lama zum M\u00f6nch vollordiniert. Von 2008\u20132013 studierte er das \u00bbMasters Program\u00ab buddhistischer Studien in Italien, am Instituto Lama Tzong Khapa und absolvierte danach eine Fortbildung als Achtsamkeitslehrer unter Tara Brach und Jack Kornfield. Er war \u00fcber viele Jahre Residenzm\u00f6nch und Vorstandsmitglied in einem buddhistischen Zentrum, in verschiedenen buddhistischen Dachorganisationen und ist Lehrer am Tibethaus Deutschland in Frankfurt. Zudem engagiert sich im sozialen und interreligi\u00f6sen Bereich und betreibt verschiedene Webseiten und Blogs.<br \/>\nWeitere Infos unter www.tenzinpeljor.de<\/p>\n<hr \/>\n<p><strong>27. Februar \u2013 12. M\u00e4rz 2024<img loading=\"lazy\" decoding=\"async\" class=\"size-full wp-image-3853 alignright\" src=\"https:\/\/buddhistische-akademie-bb.de\/wp-content\/uploads\/2022\/12\/susanne-streibert.gif\" alt=\"\" width=\"150\" height=\"188\" \/><\/strong><\/p>\n<p><strong>Wege im Umgang mit Trauma-Ph\u00e4nomenen <\/strong><strong>im Kontext unserer spirituellen Praxis<\/strong><\/p>\n<p><strong>mit Susanne Streibert<\/strong><\/p>\n<p><strong>3-w\u00f6chiger Online-Abendkurs:<\/strong>\u00a0 jeweils dienstags<br \/>\nam 27.2., 5.3., 12.3.2024<br \/>\nZeit: 18.30-21 Uhr<br \/>\nKursgeb\u00fchr: 80 Euro<\/p>\n<p><strong>Anmeldung:<\/strong> <a href=\"mailto:office@buddhistische-akademie-bb.de\">office@buddhistische-akademie-bb.de<\/a><\/p>\n<p><a href=\"https:\/\/buddhistische-akademie-bb.de\/?page_id=383#Streibert\">zur Person<\/a><\/p>\n<p>Was tun, wenn wir in unserem Alltag bzw. in unserer Meditationspraxis pl\u00f6tzlich in \u00fcberflutende k\u00f6rperliche Aktivierungs- bzw. Erregungszust\u00e4nde geraten? Oder wir uns in zwanghaften Gedankengebilden verlieren, sich unerkl\u00e4rbare Aggressionen bemerkbar machen? Wenn wir uns entschieden haben, unsere spirituelle Praxis in unserem Alltag des \u201eDa- und Mit-seins\u201c zu verankern, kann es sein, dass uns Ph\u00e4nomene einholen, die mit unserem bisher gelebten Leben bzw. unserer Biographie zu tun haben. Es ist unser Autonomes Nervensystem (ANS), das in diesen Momenten eine \u00dcberlebensreaktion durch eine erh\u00f6hte Aktivierung zeigt. Regulierung kann geschehen, sobald wir die Physiologie des Traumas, wie es sich im ANS zeigt, verstehen und lesen k\u00f6nnen.<\/p>\n<p>Der Kurs ist in drei thematische Teile gegliedert, wobei die drei Themen sich gegenseitig beeinflussen. Es ist von Vorteil, alle 3 Kursabende zu besuchen und auch die Vertraulichkeit der Gruppe nutzen zu k\u00f6nnen. An den Abenden wird einerseits ein Input gegeben, andererseits wird mithilfe einfacher \u00dcbungen erfahrbar, was uns helfen k\u00f6nnte, unser Nervensystem zu regulieren, um immer wieder ins Pr\u00e4sentsein im Hier und Jetzt zur\u00fcckzufinden. Im Rahmen des Austausches besteht die M\u00f6glichkeit, die pers\u00f6nlichen Erfahrungen einzubringen und so Trauma-Ph\u00e4nomene und die m\u00f6gliche Traumaaufl\u00f6sung\u00a0 zu erkennen und zu ergr\u00fcnden.<\/p>\n<p><strong>Themen: <\/strong><\/p>\n<p>27.2.2024:\u00a0 \u00a0ORIENTIERUNG IM HIER UND JETZT:<\/p>\n<p>Wie orientieren wir uns im Hier und Jetzt (z.B. in der Meditation bzw. mittels Achtsamkeitspraxis), wenn wir merken, dass es uns \u00abumtreibt\u00bb und alte Erinnerungen und Gedanken die Konzentration des Geistes beeinflussen? Wir verankern wir uns, wenn unser K\u00f6rper in einem traumabedingten \u00dcberlebensmuster zu sein scheint?<\/p>\n<p>5.3.2024:\u00a0 \u00a0BUDDHISMUS UND TRAUMAHEILUNG \u2013 WIE PASST DAS ZUSAMMEN?<\/p>\n<p>Wo bestehen Verbindungen zwischen Traumaheilung nach Somatic experiencing und Buddhistischen Inhalten und Lehrreden (z.B. die 5 Hindernissen, die 4 Brahmaviharas, die 3 Daseinsmerkmale, die 5 Skandas u.v.m.) und wie k\u00f6nnen wir diese Aspekte mit unserer Alltagserfahrung verweben bzw. sie im Alltag nutzen?<\/p>\n<p>12.3.2024\u00a0 \u00a0BEZIEHUNGEN UND TRAUMAERFAHRUNG<\/p>\n<p>Wie k\u00f6nnen wir einen (spirituellen) Weg zusammen mit anderen gehen (und hierbei mit allf\u00e4lligen Bindungstraumata in Ber\u00fchrung kommen), ohne dass Retraumatisierungen und Destabilisierung stattfindet?\u00a0 Was gilt es zu wissen und zu tun?<br \/>\nWie k\u00f6nnen wir auf der Basis von Mitgef\u00fchl (Karuna) und Kalyana Mitta (spiritueller Freundschaft) das Potential des \u00abin Beziehung seins\u00bb und der Verbundenheit erfahren und nutzen?<br \/>\nWie k\u00f6nnen wir, wenn wir erkennen, dass ein Mitmensch in Trauma-Energie festsitzt, konstruktiv zur Seite stehen (mit all unserem Wissen um die Wirkung der Achtsamkeit wie auch um die Biologie von Trauma)? Was genau m\u00fcssen wir wissen und tun in diesen Momenten?<\/p>\n<p><strong>Zoom-Zugang: erhalten Sie nach der Anmeldung<\/strong><\/p>\n<p><strong>Die Kursgeb\u00fchr<\/strong> \u00fcberweisen Sie bitte auf unser Konto:<br \/>\nBuddhistische Akademie Berlin Brandenburg<br \/>\nIBAN-Nr: DE 53430 60967 11338 34901<\/p>\n<p align=\"LEFT\"><strong>\u00a0<\/strong><\/p>\n<hr \/>\n<p align=\"LEFT\"><strong><br \/>\n13. und 20. M\u00e4rz 2024<\/strong> <img loading=\"lazy\" decoding=\"async\" class=\"size-full wp-image-3094 alignright\" src=\"https:\/\/buddhistische-akademie-bb.de\/wp-content\/uploads\/2022\/02\/renate-loesecke.gif\" alt=\"\" width=\"150\" height=\"188\" \/><\/p>\n<p><b>Innehalten im Trubel des Lebens \u2013<br \/>\n<\/b><strong>Im Einsichtsdialog Pr\u00e4senz und Klarheit erfahren<\/strong><\/p>\n<p><strong>mit Renate L\u00f6seke<br \/>\n<\/strong><\/p>\n<p>jeweils 19.00 \u2013 21.00 Uhr<\/p>\n<p><strong>Ort:<\/strong> Quelle des Mitgef\u00fchls, Heidenheimer Str. 27, 13467 Berlin<br \/>\n<strong>Kosten:<\/strong> 20\u20ac Grundgeb\u00fchr f\u00fcr beide Abende plus Dana f\u00fcr die Lehrende<br \/>\n<strong>Anmeldung:<\/strong>\u00a0<a href=\"mailto:office@buddhistische-akademie-bb.de\">office@buddhistische-akademie-bb.de<\/a><\/p>\n<p><a href=\"https:\/\/www.buddhistische-akademie-bb.de\/?page_id=383#Loeseke\">zur Person<\/a><\/p>\n<p>Der Einsichtsdialog ist eine zwischenmenschliche Meditationspraxis zur Entwicklung von Mitgef\u00fchl und Weisheit.<br \/>\nWir \u00fcben uns darin, achtsam miteinander zu sprechen und einander tief zuzuh\u00f6ren. Die Geistesruhe und Achtsamkeit der stillen Meditations\u00fcbung werden in den Dialog mit eingebracht. Dies erm\u00f6glicht uns Dinge wahrzunehmen und tiefer zu verstehen, die wir normalerweise in der Gesch\u00e4ftigkeit unseres Lebens \u00fcbersehen. So k\u00f6nnen wir mehr Akzeptanz f\u00fcr uns selbst und andere entwickeln.<\/p>\n<p>Sechs Leitlinien bilden die Grundlage des Einsichtsdialogs: Innehalten, Entspannen, \u00d6ffnen, Sich einstimmen auf das Entstehen, Tief zuh\u00f6ren, die Wahrheit sprechen<\/p>\n<p>Wir werden sie an diesen Abenden kennenlernen und mit ihnen praktizieren.<\/p>\n<p>Die Abende bauen aufeinander auf. Eine Teilnahme an nur einem Termin ist nach Absprache m\u00f6glich. Anf\u00e4nger*innen und Erfahrene sind herzlich willkommen.<\/p>\n<p><strong>Renate L\u00f6seke<\/strong><br \/>\nist Sozialp\u00e4dagogin und Mutter von 4 Kindern. Sie praktiziert Vipassana-Meditation seit 2001 bei verschiedenen Lehrenden, haupts\u00e4chlich bei Renate Seifarth. Die von Gregory Kramer entwickelte Praxis des Einsichtsdialog hat sie 2014 kennengelernt. Sie ist seitdem ein wichtiger Bestandteil ihrer Alltagspraxis geworden. Seit 2017 leitet sie Einsichtsdialog-Gruppen an, online und in Pr\u00e4senz.<\/p>\n<hr \/>\n<p><img loading=\"lazy\" decoding=\"async\" class=\"alignnone size-full wp-image-4559\" src=\"https:\/\/buddhistische-akademie-bb.de\/wp-content\/uploads\/2024\/01\/dorle-1.gif\" alt=\"\" width=\"150\" height=\"188\" \/>\u00a0 <img loading=\"lazy\" decoding=\"async\" class=\"alignnone size-full wp-image-4560\" src=\"https:\/\/buddhistische-akademie-bb.de\/wp-content\/uploads\/2024\/01\/reiner_huehner-1.gif\" alt=\"\" width=\"150\" height=\"188\" \/><\/p>\n<p><strong>10. April \u2013 26. Juni 2024<\/strong><\/p>\n<p><strong>SIEBEN <\/strong><strong>FRIEDENS-<\/strong><strong>LEKTIONEN <\/strong><\/p>\n<p><strong>Neurosensitive Achtsamkeit <\/strong><strong>als Friedens\u00fcbung<\/strong><\/p>\n<p><strong>8-w\u00f6chiger Online-Kurs via Zoom<br \/>\n<\/strong><\/p>\n<p><strong>Ein Weg mit Dorle Lommatzsch (Tilburg\/NL) und Reiner Seido H\u00fchner (Bonn\/D)<\/strong><\/p>\n<p>8 Termine \/ \u00e1 120 Minuten \/ mittwochs 19-21 Uhr \/ online via Zoom<br \/>\nTermine: 10.04., 17.04., 08.05., 29.05., 05.06. und 12.06., 19.06. und 26.06.2024<strong><br \/>\nKursgeb\u00fchr:<\/strong>\u00a0180 \u20ac \/ erm. 120 \u20ac \/ bei geringem Einkommen gerne auf\u00a0Spendenbasis \/ Dana<\/p>\n<p><strong>Anmeldung<\/strong>:\u00a0<a href=\"mailto:office@buddhistische-akademie-bb.de\">office@buddhistische-akademie-bb.de<\/a><\/p>\n<p><a href=\"https:\/\/www.buddhistische-akademie-bb.de\/?page_id=383#Lommatzsch\">\u00fcber Dorle Lommatsch<\/a>\u00a0 \u00a0 \u00a0 \u00a0\u00a0<a href=\"https:\/\/www.buddhistische-akademie-bb.de\/?page_id=383#Huehner\">\u00fcber Reiner Seido H\u00fchner <\/a><\/p>\n<p><strong>Unser Credo: Frieden kann man lernen!<\/strong><br \/>\nWelches Bewusstsein f\u00fchrt zum Krieg? Welches Bewusstsein zum Frieden? Was k\u00f6nnen wir tun, um ein friedliches Bewusstsein in uns und anderen zu erm\u00f6glichen? K\u00f6nnen wir eine Oase des Friedens erschaffen?<br \/>\nFrieden und Krieg sind gro\u00dfe Themen \u2013 und doch f\u00e4ngt beides im Kleinen an.<br \/>\nIn 8 online-Begegnungen wollen wir die Friedens-Lektionen durch Meditationen, achtsames Schreiben und achtsamen Austausch in uns lebendig machen.<br \/>\nUnsere Botschaft ist: Frieden kann man lernen!<\/p>\n<p><strong>Was wir anbieten<\/strong><br \/>\nAnhand des Buchs \u201eSieben Friedens-Lektionen\u201c (das Buch wird digital zur Verf\u00fcgung gestellt) gehen wir gemeinsam Schritt f\u00fcr Schritt durch die Friedens-Lektionen. Alle Lektionen sind einerseits inspiriert durch Buddhistische Psychologie und anderseits durch die Neurowissenschaften. Beide Bereiche erg\u00e4nzen und unterst\u00fctzen einander. Die Kenntnis \u00fcber das Funktionieren des Gehirns und des Autonomen Nervensystems hilft uns, mit unserer instinktiven Intelligenz zusammenzuarbeiten und achtsam neue Wege zu finden. Respektvoll und im Bewusstsein unserer Unterschiede werden wir entdecken, was ein friedvolles Zusammenleben erbl\u00fchen l\u00e4sst. Achtsames Gewahrsein ist das Fundament, das diesen Lernprozess erm\u00f6glicht.<\/p>\n<p>Jede Lektion wird kurz erl\u00e4utert und in einer angeleiteten Meditation erforscht.<br \/>\nIm zweiten Teil wird das Thema anhand von Schreibimpulsen und -\u00fcbungen sichtbar und tiefer sp\u00fcrbar gemacht.<br \/>\nJeder Kursteil besteht aus vier Teilen:<\/p>\n<ol>\n<li>Eine Einf\u00fchrung in das Thema aus der Perspektive der Buddhistischen Psychologie und der Neurowissenschaften.<\/li>\n<li>Angeleitete Meditations\u00fcbung<\/li>\n<li>Ein Schreibimpuls zum Thema mit der Einladung, die Texte im gesch\u00fctzten Raum vorzulesen.<\/li>\n<li>Abschluss in achtsamem Austausch<\/li>\n<\/ol>\n<\/div>\n<hr \/>\n<p align=\"CENTER\"><img loading=\"lazy\" decoding=\"async\" class=\"size-full wp-image-1271 alignleft\" src=\"https:\/\/buddhistische-akademie-bb.de\/wp-content\/uploads\/2019\/11\/metta_irene-wulff.gif\" alt=\"\" width=\"150\" height=\"188\" \/> <img loading=\"lazy\" decoding=\"async\" class=\"size-full wp-image-3094 alignleft\" src=\"https:\/\/buddhistische-akademie-bb.de\/wp-content\/uploads\/2022\/02\/renate-loesecke.gif\" alt=\"\" width=\"150\" height=\"188\" \/><\/p>\n<p style=\"text-align: left;\" align=\"CENTER\"><strong><strong style=\"font-size: inherit;\">23. \u2013 25. August 2024<\/strong><\/strong><\/p>\n<p style=\"text-align: left;\" align=\"CENTER\"><strong>Inneres Gleichgewicht und Verbundenheit<br \/>\nin turbulenten Zeiten<\/strong><\/p>\n<p><strong>Metta Irene Wulff und Renate L\u00f6seke<br \/>\n<\/strong><\/p>\n<p>Retreat und Einsichtsdialog<\/p>\n<p>Gelassenheit und Gleichmut unterst\u00fctzen uns darin, in schwierigen Situationen eine offene, unvoreingenommene Haltung zu bewahren.<\/p>\n<p>Ist es uns m\u00f6glich, zu sehen, wo wir festhalten?<\/p>\n<p>K\u00f6nnen wir das, was uns bewegt im Alltag und in der Meditation in diesem gr\u00f6\u00dferen, inneren Raum halten und uns davon ber\u00fchren lassen? Was unterst\u00fctzt uns, unser inneres Gleichgewicht zu stabilisieren? Gelassenheit ist wie ein Surfen auf den Wellen der turbulenten und sich immer wieder ver\u00e4ndernden Bedingungen, die uns st\u00e4ndig herausfordern. Gleichmut und Gelassenheit sind innere Einstellungen, Haltungen in Bezug auf das, was wir erleben. Wir wollen Wege finden den Herausforderungen und Krisen anders begegnen zu k\u00f6nnen, mit mehr Offenheit, mit mehr Empathie f\u00fcr uns und andere.<\/p>\n<p>An diesem Wochenende werden wir uns in der Meditation und in der Begegnung im Einsichtsdialog daf\u00fcr Zeit nehmen.<\/p>\n<p>Der Einsichtsdialog ist eine zwischenmenschliche Meditationspraxis in der wir die Verbundenheit mit uns und anderen erleben k\u00f6nnen. Wir \u00fcben uns darin, achtsam miteinander zu sprechen und einander tief zuzuh\u00f6ren. Die Geistesruhe und das Gewahrsein der stillen Meditation nehmen wir in den Dialog mit hinein. Gemeinsam untersuchen wir die Bedingungen f\u00fcr Gelassenheit und Gleichmut und unterst\u00fctzen uns gegenseitig in dieser Haltung.<\/p>\n<hr \/>\n<div class=\"post-content entry-content\">\n<p style=\"text-align: left;\" align=\"CENTER\"><strong>18. \u2013 20. Oktober 2024<img loading=\"lazy\" decoding=\"async\" class=\"size-full wp-image-1271 alignright\" src=\"https:\/\/buddhistische-akademie-bb.de\/wp-content\/uploads\/2019\/11\/metta_irene-wulff.gif\" alt=\"\" width=\"150\" height=\"188\" \/><\/strong><\/p>\n<p style=\"text-align: left;\" align=\"CENTER\"><strong>Auf der Suche nach den verlorenen Gef\u00fchlen<br \/>\n<\/strong>(Wie wir Gef\u00fchle annehmen und integrieren k\u00f6nnen)<strong><br \/>\n<\/strong><\/p>\n<p><strong>Metta Irene Wulff<\/strong><\/p>\n<p><a href=\"https:\/\/www.buddhistische-akademie-bb.de\/?page_id=383#Wulff\">zur Person<\/a><br \/>\nRetreat mit oder ohne \u00dcbernachtung<br \/>\nNegative, schwierige Gef\u00fchle und unsere Erfahrungen damit, sind f\u00fcr viele von uns eine unangenehme Herausforderung. H\u00e4ufig wollen wir sie ausgrenzen, sie nicht sp\u00fcren. Wenn wir in die Verleugnung gehen, verlieren wir unsere Verbundenheit mit uns Selbst und Anderen.<\/p>\n<p align=\"LEFT\">Wie k\u00f6nnen wir anders damit umgehen? Wie k\u00f6nnen wie sie integrieren? K\u00f6nnen wir uns davon ber\u00fchren lassen? Diese unangenehmen Geisteszust\u00e4nde sind wie eine Art Weckruf, eine Aufforderung genauer hinzuschauen, was sind meine Bed\u00fcrfnisse, was sind meine W\u00fcnsche?<\/p>\n<p align=\"LEFT\">W\u00e4hrend des Retreats wollen wir uns diesem Thema ann\u00e4hern. In der Meditation aber auch im Dialog miteinander, lernen wir unsere alten Muster zu erkennen und vielleicht auch loszulassen.<\/p>\n<p><strong>Anreise<\/strong>: Freitag\u00a0 16 \u2013 18 Uhr, Beginn 19:00, Ende Sonntag 16 Uhr<br \/>\n<strong>Ort:<\/strong>\u00a0Quelle des Mitgef\u00fchls, Heidenheimer Str. 27, 13467 Berlin<br \/>\n<strong>Anmeldung:<\/strong>\u00a0<a href=\"mailto:office@buddhistische-akademie-bb.de\">office@buddhistische-akademie-bb.de<\/a><br \/>\n<strong>Seminargeb\u00fchr:<\/strong> 75 Euro (F\u00fcr Raummiete und Organisation), Bankverbindung siehe ganz unten.<br \/>\n<strong>Spenden<\/strong> am Ende des Retreats f\u00fcr die Lehrerinnen<\/p>\n<div><strong>Bankverbindung<\/strong>: Buddhistische Akademie Berlin Brandenburg<br \/>\nGLS Bank<br \/>\nIBAN: DE 53430 60967 11338 34901<\/div>\n<p><strong>Retreat mit oder ohne \u00dcbernachtung<\/strong>. Kosten f\u00fcr zwei \u00dcbernachtungen im\u00a0 Einzelzimmer 50 Euro vor Ort zu bezahlen. Bitte Bettw\u00e4sche mitbringen oder f\u00fcr 15 Euro ausleihen.<\/p>\n<p><strong>Essen <\/strong><strong>(vegan)<\/strong><strong>: <\/strong>gemeinsames Essen morgens mittags und abends und die Kosten werden umgelegt (ca. 20-25 Euro). Wenn ihr besondere Di\u00e4ten einhalten m\u00fcsst (Glutenfrei etc.), k\u00f6nnt ihr euch auch selbst versorgen.<\/p>\n<hr \/>\n<\/div>\n<p><img loading=\"lazy\" decoding=\"async\" class=\"alignnone  wp-image-4957\" src=\"https:\/\/buddhistische-akademie-bb.de\/wp-content\/uploads\/2024\/09\/Eva-Schuermann-405x600.jpg\" alt=\"\" width=\"129\" height=\"191\" srcset=\"https:\/\/buddhistische-akademie-bb.de\/wp-content\/uploads\/2024\/09\/Eva-Schuermann-405x600.jpg 405w, https:\/\/buddhistische-akademie-bb.de\/wp-content\/uploads\/2024\/09\/Eva-Schuermann.jpg 432w\" sizes=\"auto, (max-width: 129px) 100vw, 129px\" \/> \u00a0 \u00a0 <img loading=\"lazy\" decoding=\"async\" class=\"alignnone size-full wp-image-717\" src=\"https:\/\/buddhistische-akademie-bb.de\/wp-content\/uploads\/2018\/11\/tenzin-peljor.gif\" alt=\"\" width=\"150\" height=\"188\" \/><\/p>\n<p><strong>29. November 2024<\/strong><\/p>\n<p><strong>Selbst und Nicht-Selbst im Lichte von westlicher Philosophie und Buddhismus<\/strong><\/p>\n<p><strong>Professorin Eva Sch\u00fcrmann &amp; Tenzin Peljor<\/strong><\/p>\n<p><a href=\"https:\/\/www.buddhistische-akademie-bb.de\/?page_id=383#Schuermann\">\u00fcber Eva Sch\u00fcrmann<\/a><br \/>\n<a href=\"https:\/\/www.buddhistische-akademie-bb.de\/?page_id=383#Peljor\">\u00fcber Tenzin Peljor<\/a><\/p>\n<p><span style=\"color: #993300;\"><strong>Live und online via Zoom<\/strong><\/span><br \/>\nOrt: Lotos-Vihara, Neue Blumenstr. 5, 10179 Berlin<br \/>\nZeit: 18:00 \u2013 21:00 Uhr<\/p>\n<p>Seminargeb\u00fchr: 35 Euro<\/p>\n<p>Anmeldung:\u00a0<a href=\"mailto:office@buddhistische-akademie-bb.de\">office@buddhistische-akademie-bb.de<\/a><\/p>\n<p>Die These von der Ichlosigkeit des Selbst geh\u00f6rt zu den provokantesten Behauptungen buddhistischer Weisheitslehren. Erfahren wir nicht Tag f\u00fcr Tag, dass wir ein Ich haben und sind? Dass der Grund unseres Selbst leer sein soll, ist schwer zu begreifen. Doch stellt sich bei n\u00e4herem Hinsehen heraus, dass ebenso schwer zu bestimmen ist, wer oder wo das Ich, das wir Selbst nennen, sein soll. Es ist buchst\u00e4blich nicht dingfest zu machen. Diese Einsicht findet sich daher nicht nur in \u00f6stlichen Denktraditionen, sondern auch in der westlichen Philosophiegeschichte, etwa bei David Hume, und erh\u00e4lt denkw\u00fcrdige Unterst\u00fctzung durch neuere Forschungsergebnisse der Hirnforschung. In einem halbt\u00e4gigen Intensivkurs wollen der buddhistische M\u00f6nch Tenzin Peljor und die westliche Philosophin Eva Sch\u00fcrmann \u00fcber Gemeinsamkeiten und Unterschiede west\u00f6stlicher Weisheitslehren diskutieren. Au\u00dferdem werden Meditationen angeleitet, um sich dem Thema Selbst und Nicht-Selbst meditativ anzun\u00e4hern. Anmeldung bitte sp\u00e4testens eine Woche vorher.<\/p>\n<p>Eva Sch\u00fcrmann ist seit 2011 Professorin f\u00fcr Kulturphilosophie und philosophische Anthropologie an der Universit\u00e4t Magdeburg. F\u00fcr ihre Forschungen erhielt sie 2014 den Wissenschaftspreis der Aby-Warburg-Stiftung. Seit 2015 ist sie Mitherausgeberin der Allgemeinen Zeitschrift f\u00fcr Philosophie (AZP).<\/p>\n<p>Zu ihren Ver\u00f6ffentlichungen z\u00e4hlen: \u00bbVorstellen und Darstellen. Eine medienanthropologische Theorie des Geistes,\u00ab Fink Verlag 2018. Und \u00bbFormen und Felder des Philosophierens.\u00ab Gemeins. m. H. Wittwer und S. Spanknebel, AlberVerlag 2017.<\/p>\n<p>Bhikshu Tenzin Peljor besch\u00e4ftigt sich seit 1995 mit Buddhismus und wurde 2006 von S.H. dem Dalai Lama zum M\u00f6nch vollordiniert. Von 2008\u20132013 studierte er das \u00bbMasters Program\u00ab buddhistischer Studien in Italien, am Instituto Lama Tzong Khapa und absolvierte danach eine Fortbildung als Achtsamkeitslehrer unter Tara Brach und Jack Kornfield. Er war \u00fcber viele Jahre Residenzm\u00f6nch und Vorstandsmitglied in einem buddhistischen Zentrum, in verschiedenen buddhistischen Dachorganisationen und ist Lehrer am Tibethaus Deutschland in Frankfurt. Zudem engagiert sich im sozialen und interreligi\u00f6sen Bereich und betreibt verschiedene Webseiten und Blogs.<br \/>\nWeitere Infos unter www.tenzinpeljor.de<\/p>\n<hr \/>\n<h5><strong>Die Kursgeb\u00fchr<\/strong><\/h5>\n<p>\u00fcberweisen Sie bitte auf unser Konto:<br \/>\nBuddhistische Akademie Berlin Brandenburg<br \/>\nIBAN-Nr: DE 53430 60967 11338 34901<\/p>\n<hr \/>\n<h5>Stornobedingungen<\/h5>\n<p>Bei Stornierung bis zwei Wochen vor Kursbeginn erstatten wir die Kursgeb\u00fchr abz\u00fcglich einer Bearbeitungsgeb\u00fchr von 20 Euro zur\u00fcck.<br \/>\nBei Stornierungen im Zeitraum von 14 &#8211; 1 Tag vor Kursbeginn erstatten wir 50% der Kursgeb\u00fchr.<br \/>\nBei Stornierungen am Tag des Kursbeginns oder sp\u00e4ter behalten wir die volle Kursgeb\u00fchr ein.<br \/>\nBei Nicht-Erreichen der Mindestteilnehmerzahl von 6 Personen pro Kurs, bei Ausfall von ReferentInnen oder bei sonstigen unvorhergesehenen Ereignissen beh\u00e4lt sich die Buddhistische Akademie Berlin Brandenburg vor, eine Veranstaltung kurzfristig abzusagen. Die TeilnehmerInnen werden davon rechtzeitig und in geeigneter Weise verst\u00e4ndigt. Im Falle einer Absage von Seiten der Buddhistischen Akademie wird die bereits gezahlte Kursgeb\u00fchr in voller H\u00f6he r\u00fcckerstattet. Weitergehende Schadenersatzanspr\u00fcche entstehen nicht.<\/p>\n","protected":false},"excerpt":{"rendered":"<p>\u00a0 \u00a0 Jetzt hybrid: 29. November 2024 Selbst und Nicht-Selbst im Lichte von westlicher Philosophie und Buddhismus Professorin Eva Sch\u00fcrmann &amp; Tenzin Peljor Live und online via Zoom Ort: Lotos-Vihara, Neue Blumenstr. 5, 10179 Berlin Zeit: 18:00 \u2013 21:00 Uhr Seminargeb\u00fchr: 35 Euro Anmeldung:\u00a0office@buddhistische-akademie-bb.de Die These von der Ichlosigkeit des Selbst geh\u00f6rt zu den provokantesten [&hellip;]<\/p>\n","protected":false},"author":1,"featured_media":0,"parent":0,"menu_order":0,"comment_status":"closed","ping_status":"closed","template":"","meta":{"footnotes":""},"class_list":["post-4579","page","type-page","status-publish","hentry"],"yoast_head":"<!-- This site is optimized with the Yoast SEO plugin v25.3.1 - https:\/\/yoast.com\/wordpress\/plugins\/seo\/ -->\n<title>Seminare und Kurse 2024 - Buddhistische Akademie Berlin-Brandenburg<\/title>\n<meta name=\"robots\" content=\"noindex, follow\" \/>\n<meta property=\"og:locale\" content=\"de_DE\" \/>\n<meta property=\"og:type\" content=\"article\" \/>\n<meta property=\"og:title\" content=\"Seminare und Kurse 2024 - Buddhistische Akademie Berlin-Brandenburg\" \/>\n<meta property=\"og:description\" content=\"\u00a0 \u00a0 Jetzt hybrid: 29. November 2024 Selbst und Nicht-Selbst im Lichte von westlicher Philosophie und Buddhismus Professorin Eva Sch\u00fcrmann &amp; Tenzin Peljor Live und online via Zoom Ort: Lotos-Vihara, Neue Blumenstr. 5, 10179 Berlin Zeit: 18:00 \u2013 21:00 Uhr Seminargeb\u00fchr: 35 Euro Anmeldung:\u00a0office@buddhistische-akademie-bb.de Die These von der Ichlosigkeit des Selbst geh\u00f6rt zu den provokantesten [&hellip;]\" \/>\n<meta property=\"og:url\" content=\"https:\/\/buddhistische-akademie-bb.de\/?page_id=4579\" \/>\n<meta property=\"og:site_name\" content=\"Buddhistische Akademie Berlin-Brandenburg\" \/>\n<meta property=\"article:publisher\" content=\"https:\/\/www.facebook.com\/profile.php?id=100009188940719\" \/>\n<meta property=\"article:modified_time\" content=\"2024-10-23T09:31:06+00:00\" \/>\n<meta property=\"og:image\" content=\"https:\/\/buddhistische-akademie-bb.de\/wp-content\/uploads\/2024\/09\/Eva-Schuermann.jpg\" \/>\n\t<meta property=\"og:image:width\" content=\"432\" \/>\n\t<meta property=\"og:image:height\" content=\"640\" \/>\n\t<meta property=\"og:image:type\" content=\"image\/jpeg\" \/>\n<meta name=\"twitter:card\" content=\"summary_large_image\" \/>\n<meta name=\"twitter:label1\" content=\"Gesch\u00e4tzte Lesezeit\" \/>\n\t<meta name=\"twitter:data1\" content=\"7\u00a0Minuten\" \/>\n<script type=\"application\/ld+json\" class=\"yoast-schema-graph\">{\"@context\":\"https:\/\/schema.org\",\"@graph\":[{\"@type\":\"WebPage\",\"@id\":\"https:\/\/buddhistische-akademie-bb.de\/?page_id=4579\",\"url\":\"https:\/\/buddhistische-akademie-bb.de\/?page_id=4579\",\"name\":\"Seminare und Kurse 2024 - Buddhistische Akademie Berlin-Brandenburg\",\"isPartOf\":{\"@id\":\"https:\/\/buddhistische-akademie-bb.de\/#website\"},\"primaryImageOfPage\":{\"@id\":\"https:\/\/buddhistische-akademie-bb.de\/?page_id=4579#primaryimage\"},\"image\":{\"@id\":\"https:\/\/buddhistische-akademie-bb.de\/?page_id=4579#primaryimage\"},\"thumbnailUrl\":\"https:\/\/buddhistische-akademie-bb.de\/wp-content\/uploads\/2024\/09\/Eva-Schuermann-405x600.jpg\",\"datePublished\":\"2024-01-24T10:48:39+00:00\",\"dateModified\":\"2024-10-23T09:31:06+00:00\",\"breadcrumb\":{\"@id\":\"https:\/\/buddhistische-akademie-bb.de\/?page_id=4579#breadcrumb\"},\"inLanguage\":\"de\",\"potentialAction\":[{\"@type\":\"ReadAction\",\"target\":[\"https:\/\/buddhistische-akademie-bb.de\/?page_id=4579\"]}]},{\"@type\":\"ImageObject\",\"inLanguage\":\"de\",\"@id\":\"https:\/\/buddhistische-akademie-bb.de\/?page_id=4579#primaryimage\",\"url\":\"https:\/\/buddhistische-akademie-bb.de\/wp-content\/uploads\/2024\/09\/Eva-Schuermann.jpg\",\"contentUrl\":\"https:\/\/buddhistische-akademie-bb.de\/wp-content\/uploads\/2024\/09\/Eva-Schuermann.jpg\",\"width\":432,\"height\":640},{\"@type\":\"BreadcrumbList\",\"@id\":\"https:\/\/buddhistische-akademie-bb.de\/?page_id=4579#breadcrumb\",\"itemListElement\":[{\"@type\":\"ListItem\",\"position\":1,\"name\":\"Startseite\",\"item\":\"https:\/\/buddhistische-akademie-bb.de\/\"},{\"@type\":\"ListItem\",\"position\":2,\"name\":\"Seminare und Kurse 2024\"}]},{\"@type\":\"WebSite\",\"@id\":\"https:\/\/buddhistische-akademie-bb.de\/#website\",\"url\":\"https:\/\/buddhistische-akademie-bb.de\/\",\"name\":\"Buddhistische Akademie Berlin-Brandenburg\",\"description\":\"\",\"publisher\":{\"@id\":\"https:\/\/buddhistische-akademie-bb.de\/#organization\"},\"potentialAction\":[{\"@type\":\"SearchAction\",\"target\":{\"@type\":\"EntryPoint\",\"urlTemplate\":\"https:\/\/buddhistische-akademie-bb.de\/?s={search_term_string}\"},\"query-input\":{\"@type\":\"PropertyValueSpecification\",\"valueRequired\":true,\"valueName\":\"search_term_string\"}}],\"inLanguage\":\"de\"},{\"@type\":\"Organization\",\"@id\":\"https:\/\/buddhistische-akademie-bb.de\/#organization\",\"name\":\"Buddhistische Akademie Berlin Brandenburg\",\"url\":\"https:\/\/buddhistische-akademie-bb.de\/\",\"logo\":{\"@type\":\"ImageObject\",\"inLanguage\":\"de\",\"@id\":\"https:\/\/buddhistische-akademie-bb.de\/#\/schema\/logo\/image\/\",\"url\":\"https:\/\/buddhistische-akademie-bb.de\/wp-content\/uploads\/2021\/05\/Logo.jpg\",\"contentUrl\":\"https:\/\/buddhistische-akademie-bb.de\/wp-content\/uploads\/2021\/05\/Logo.jpg\",\"width\":268,\"height\":260,\"caption\":\"Buddhistische Akademie Berlin Brandenburg\"},\"image\":{\"@id\":\"https:\/\/buddhistische-akademie-bb.de\/#\/schema\/logo\/image\/\"},\"sameAs\":[\"https:\/\/www.facebook.com\/profile.php?id=100009188940719\",\"https:\/\/www.youtube.com\/channel\/UCQxxUAV0IA-9FF2Icr4J6fQ\"]}]}<\/script>\n<!-- \/ Yoast SEO plugin. -->","yoast_head_json":{"title":"Seminare und Kurse 2024 - Buddhistische Akademie Berlin-Brandenburg","robots":{"index":"noindex","follow":"follow"},"og_locale":"de_DE","og_type":"article","og_title":"Seminare und Kurse 2024 - Buddhistische Akademie Berlin-Brandenburg","og_description":"\u00a0 \u00a0 Jetzt hybrid: 29. November 2024 Selbst und Nicht-Selbst im Lichte von westlicher Philosophie und Buddhismus Professorin Eva Sch\u00fcrmann &amp; Tenzin Peljor Live und online via Zoom Ort: Lotos-Vihara, Neue Blumenstr. 5, 10179 Berlin Zeit: 18:00 \u2013 21:00 Uhr Seminargeb\u00fchr: 35 Euro Anmeldung:\u00a0office@buddhistische-akademie-bb.de Die These von der Ichlosigkeit des Selbst geh\u00f6rt zu den provokantesten [&hellip;]","og_url":"https:\/\/buddhistische-akademie-bb.de\/?page_id=4579","og_site_name":"Buddhistische Akademie Berlin-Brandenburg","article_publisher":"https:\/\/www.facebook.com\/profile.php?id=100009188940719","article_modified_time":"2024-10-23T09:31:06+00:00","og_image":[{"width":432,"height":640,"url":"https:\/\/buddhistische-akademie-bb.de\/wp-content\/uploads\/2024\/09\/Eva-Schuermann.jpg","type":"image\/jpeg"}],"twitter_card":"summary_large_image","twitter_misc":{"Gesch\u00e4tzte Lesezeit":"7\u00a0Minuten"},"schema":{"@context":"https:\/\/schema.org","@graph":[{"@type":"WebPage","@id":"https:\/\/buddhistische-akademie-bb.de\/?page_id=4579","url":"https:\/\/buddhistische-akademie-bb.de\/?page_id=4579","name":"Seminare und Kurse 2024 - Buddhistische Akademie Berlin-Brandenburg","isPartOf":{"@id":"https:\/\/buddhistische-akademie-bb.de\/#website"},"primaryImageOfPage":{"@id":"https:\/\/buddhistische-akademie-bb.de\/?page_id=4579#primaryimage"},"image":{"@id":"https:\/\/buddhistische-akademie-bb.de\/?page_id=4579#primaryimage"},"thumbnailUrl":"https:\/\/buddhistische-akademie-bb.de\/wp-content\/uploads\/2024\/09\/Eva-Schuermann-405x600.jpg","datePublished":"2024-01-24T10:48:39+00:00","dateModified":"2024-10-23T09:31:06+00:00","breadcrumb":{"@id":"https:\/\/buddhistische-akademie-bb.de\/?page_id=4579#breadcrumb"},"inLanguage":"de","potentialAction":[{"@type":"ReadAction","target":["https:\/\/buddhistische-akademie-bb.de\/?page_id=4579"]}]},{"@type":"ImageObject","inLanguage":"de","@id":"https:\/\/buddhistische-akademie-bb.de\/?page_id=4579#primaryimage","url":"https:\/\/buddhistische-akademie-bb.de\/wp-content\/uploads\/2024\/09\/Eva-Schuermann.jpg","contentUrl":"https:\/\/buddhistische-akademie-bb.de\/wp-content\/uploads\/2024\/09\/Eva-Schuermann.jpg","width":432,"height":640},{"@type":"BreadcrumbList","@id":"https:\/\/buddhistische-akademie-bb.de\/?page_id=4579#breadcrumb","itemListElement":[{"@type":"ListItem","position":1,"name":"Startseite","item":"https:\/\/buddhistische-akademie-bb.de\/"},{"@type":"ListItem","position":2,"name":"Seminare und Kurse 2024"}]},{"@type":"WebSite","@id":"https:\/\/buddhistische-akademie-bb.de\/#website","url":"https:\/\/buddhistische-akademie-bb.de\/","name":"Buddhistische Akademie Berlin-Brandenburg","description":"","publisher":{"@id":"https:\/\/buddhistische-akademie-bb.de\/#organization"},"potentialAction":[{"@type":"SearchAction","target":{"@type":"EntryPoint","urlTemplate":"https:\/\/buddhistische-akademie-bb.de\/?s={search_term_string}"},"query-input":{"@type":"PropertyValueSpecification","valueRequired":true,"valueName":"search_term_string"}}],"inLanguage":"de"},{"@type":"Organization","@id":"https:\/\/buddhistische-akademie-bb.de\/#organization","name":"Buddhistische Akademie Berlin Brandenburg","url":"https:\/\/buddhistische-akademie-bb.de\/","logo":{"@type":"ImageObject","inLanguage":"de","@id":"https:\/\/buddhistische-akademie-bb.de\/#\/schema\/logo\/image\/","url":"https:\/\/buddhistische-akademie-bb.de\/wp-content\/uploads\/2021\/05\/Logo.jpg","contentUrl":"https:\/\/buddhistische-akademie-bb.de\/wp-content\/uploads\/2021\/05\/Logo.jpg","width":268,"height":260,"caption":"Buddhistische Akademie Berlin Brandenburg"},"image":{"@id":"https:\/\/buddhistische-akademie-bb.de\/#\/schema\/logo\/image\/"},"sameAs":["https:\/\/www.facebook.com\/profile.php?id=100009188940719","https:\/\/www.youtube.com\/channel\/UCQxxUAV0IA-9FF2Icr4J6fQ"]}]}},"_links":{"self":[{"href":"https:\/\/buddhistische-akademie-bb.de\/index.php?rest_route=\/wp\/v2\/pages\/4579","targetHints":{"allow":["GET"]}}],"collection":[{"href":"https:\/\/buddhistische-akademie-bb.de\/index.php?rest_route=\/wp\/v2\/pages"}],"about":[{"href":"https:\/\/buddhistische-akademie-bb.de\/index.php?rest_route=\/wp\/v2\/types\/page"}],"author":[{"embeddable":true,"href":"https:\/\/buddhistische-akademie-bb.de\/index.php?rest_route=\/wp\/v2\/users\/1"}],"replies":[{"embeddable":true,"href":"https:\/\/buddhistische-akademie-bb.de\/index.php?rest_route=%2Fwp%2Fv2%2Fcomments&post=4579"}],"version-history":[{"count":23,"href":"https:\/\/buddhistische-akademie-bb.de\/index.php?rest_route=\/wp\/v2\/pages\/4579\/revisions"}],"predecessor-version":[{"id":4998,"href":"https:\/\/buddhistische-akademie-bb.de\/index.php?rest_route=\/wp\/v2\/pages\/4579\/revisions\/4998"}],"wp:attachment":[{"href":"https:\/\/buddhistische-akademie-bb.de\/index.php?rest_route=%2Fwp%2Fv2%2Fmedia&parent=4579"}],"curies":[{"name":"wp","href":"https:\/\/api.w.org\/{rel}","templated":true}]}}