{"id":5263,"date":"2026-01-22T05:45:36","date_gmt":"2026-01-22T05:45:36","guid":{"rendered":"https:\/\/buddhistische-akademie-bb.de\/?page_id=5263"},"modified":"2026-01-22T05:45:37","modified_gmt":"2026-01-22T05:45:37","slug":"veranstaltungen-2026","status":"publish","type":"page","link":"https:\/\/buddhistische-akademie-bb.de\/?page_id=5263","title":{"rendered":"Veranstaltungen 2026"},"content":{"rendered":"<div class=\"wp-block-image\">\n<figure class=\"alignright\"><img loading=\"lazy\" decoding=\"async\" width=\"150\" height=\"188\" src=\"https:\/\/buddhistische-akademie-bb.de\/wp-content\/uploads\/2024\/01\/dorle-1.gif\" alt=\"\" class=\"wp-image-4559\"\/><\/figure>\n<\/div>\n\n\n<p><strong>22. Januar 2026<\/strong><\/p>\n\n\n\n<p><strong>Das Satipatthana Sutra&nbsp;und der Aufbau des Gehirns<\/strong><\/p>\n\n\n\n<p><strong>Dorle Lommatzsch<\/strong><\/p>\n\n\n\n<p>online via Zoom<br>Donnerstag 19-21 Uhr<br>Eintritt: 10 Euro, erm. 5 Euro<\/p>\n\n\n\n<p>Herzlich willkommen zu dieser gemeinsamen Reise in die Welt der Achtsamkeit.<br>Wenn wir meditieren, richten wir unsere Aufmerksamkeit auf K\u00f6rper, Atem, Gef\u00fchle und Gedanken&nbsp; \u2013 und pl\u00f6tzlich beginnen innere Prozesse und Zusammenh\u00e4nge, die sonst verborgen bleiben, sichtbar zu werden. Seit mehr als zweitausend Jahren beschreibt das Satipatthana-Sutra diesen Weg der Bewusstseinsentwicklung (die vier Grundlagen der Achtsamkeit). Heute wissen wir aus der Neurowissenschaft: Die Struktur unseres Gehirns spiegelt genau diese vier Bereiche der Achtsamkeit wider.<\/p>\n\n\n\n<p>An diesem Abend werden wir erforschen, wie die uralte Meditationslehre und moderne Gehirnforschung sich ber\u00fchren \u2013 und wie Achtsamkeit nicht nur unser Wohlbefinden, sondern auch die Funktionsweise unseres Gehirns ver\u00e4ndern kann. Lassen Sie uns gemeinsam eintauchen in die Frage, wie bewusstes Wahrnehmen Stress l\u00f6sen, Gl\u00fcck f\u00f6rdern und innerliche Freiheit und Verbundenheit vertiefen kann.<\/p>\n\n\n\n<p><strong>Zoom-Zugang:<\/strong><br><a href=\"https:\/\/buddhistische-akademie-bb.us9.list-manage.com\/track\/click?u=e4f6c3c6a05b3b3d53a55423e&amp;id=e7ecef1460&amp;e=bf11ab436d\">https:\/\/us02web.zoom.us\/j\/89157255761?pwd=amtiQ3ZMM1JQTzJGNHZmUnRydlZiZz09<\/a><\/p>\n\n\n\n<p>Meeting-ID: 891 5725 5761<br>Kenncode: BAkademie<\/p>\n\n\n\n<p><strong>Den Eintritt<\/strong>&nbsp;k\u00f6nnen Sie auf unser Konto oder per Paypal \u00fcberweisen.<br>unser Bankkonto: Buddhistische Akademie Berlin Brandenburg<br>IBAN-Nr: DE 53430 60967 11338 34901<br>Paypal:&nbsp;<a href=\"https:\/\/buddhistische-akademie-bb.us9.list-manage.com\/track\/click?u=e4f6c3c6a05b3b3d53a55423e&amp;id=1f049fa93b&amp;e=bf11ab436d\">https:\/\/paypal.me\/BAkademie?locale.x=de_DE&nbsp;<\/a>(Senden)<\/p>\n\n\n\n<p>Herzlichen Dank f\u00fcr Ihre \u00dcberweisung \u2013 Ihr Beitrag ist eine wertvolle Unterst\u00fctzung f\u00fcr die Fortf\u00fchrung unserer Arbeit und die Durchf\u00fchrung unserer Veranstaltungen.<\/p>\n\n\n\n<p>\u00a0<strong>Dorle Lommatzsch<\/strong><br>Jg. 1954, geboren und aufgewachsen in Berlin, verlie\u00df mit 17 Jahren ihre Heimat und lie\u00df sich in den Niederlanden nieder. Sie unterrichtet seit 1998 Meditation auf buddhistischer Basis in ihrer neuen Heimat. Seit 2010 leitet sie die \u201eAkademie f\u00fcr offenes Gewahrsein\/Academie voor Open Bewustzijn\u201c. Der Schwerpunkt ihrer heutigen Arbeit richtet sich auf die Ausbildung von Therapeut*innen in traumasensitiver Achtsamkeit als Weg zur Friedenserziehung.<br>Sie leitete mehrere Retreats in ehemaligen Konzentrationslagern. Dorle ist Autorin mehrerer B\u00fccher und E-Books \u00fcber Achtsamkeit und Neurowissenschaft.<br>Ihre letzte Publikation \u201aZeven lessen in vrede\u2018 wurde ins Deutsche und ins Englische \u00fcbersetzt.<strong><em><br><\/em><\/strong><a href=\"https:\/\/openbewustzijn.nl\/\">www.openbewustzijn.nl<\/a> , <a href=\"mailto:dorle@openbewustzijn.nl\">dorle@openbewustzijn.nl<\/a><br><\/p>\n\n\n<hr \/>\n<p>&nbsp;<\/p>\n\n<p><strong>12. Februar 2026<img loading=\"lazy\" decoding=\"async\" class=\"size-full wp-image-3680 alignright\" src=\"https:\/\/buddhistische-akademie-bb.de\/wp-content\/uploads\/2022\/10\/doris-harder.gif\" alt=\"\" width=\"150\" height=\"188\" \/><\/strong><\/p>\n<p><strong>In Liebe leben<\/strong><\/p>\n<p><strong>Doris Harder<br \/><br \/><\/strong>online via Zoom<br \/>Donnerstag 19-21 Uhr<br \/>Eintritt: 10 Euro, erm. 5 Euro<\/p>\n<div class=\"post-content entry-content\">\n<p><span lang=\"DE-AT\">Die meisten von uns haben zumindest eine Ahnung davon, dass es so etwas wie eine allumfassende Liebe gibt, die \u00fcber ein personales \u201eich liebe dich\u201c hinausgeht. Im Buddhismus nennt man diese Liebe oft Liebende G\u00fcte, im Christentum N\u00e4chstenliebe. Zugrunde liegt all dem ein intuitives oder mystisches Verst\u00e4ndnis, dass Liebe nicht nur ein Gef\u00fchl oder eine Haltung ist, sondern als \u201eVerbundenheit\u201c die Grundstruktur des Lebens ausmacht.<br \/>In meinem Impulsvortrag m\u00f6chte ich \u00fcber die vielf\u00e4ltigen Facetten dieser Verbundenheit sprechen, wie sie im Buddhismus, in der Philosophie und der Biologie verstanden werden.<br \/>Eine gef\u00fchrte Meditation\/Wahrnehmungs\u00fcbung soll tiefer in das Thema einf\u00fchren. In einem Gespr\u00e4ch k\u00f6nnen wir uns austauschen, wie wir unsere liebevolle Beziehung zur Welt \u201emit offenen H\u00e4nden\u201c halten k\u00f6nnen.<\/span><\/p>\n<p><strong>Zoom-Zugang:<\/strong><br \/><a href=\"https:\/\/buddhistische-akademie-bb.us9.list-manage.com\/track\/click?u=e4f6c3c6a05b3b3d53a55423e&amp;id=e7ecef1460&amp;e=bf11ab436d\">https:\/\/us02web.zoom.us\/j\/89157255761?pwd=amtiQ3ZMM1JQTzJGNHZmUnRydlZiZz09<\/a><\/p>\n<p>Meeting-ID: 891 5725 5761<br \/>Kenncode: BAkademie<\/p>\n<p><strong>Den Eintritt<\/strong>\u00a0k\u00f6nnen Sie auf unser Konto oder per Paypal \u00fcberweisen.<br \/>unser Bankkonto: Buddhistische Akademie Berlin Brandenburg<br \/>IBAN-Nr: DE 53430 60967 11338 34901<br \/>Paypal:\u00a0<a href=\"https:\/\/buddhistische-akademie-bb.us9.list-manage.com\/track\/click?u=e4f6c3c6a05b3b3d53a55423e&amp;id=1f049fa93b&amp;e=bf11ab436d\">https:\/\/paypal.me\/BAkademie?locale.x=de_DE\u00a0<\/a>(Senden)<\/p>\n<p>Herzlichen Dank f\u00fcr Ihre \u00dcberweisung \u2013 Ihr Beitrag ist eine wertvolle Unterst\u00fctzung f\u00fcr die Fortf\u00fchrung unserer Arbeit und die Durchf\u00fchrung unserer Veranstaltungen.<\/p>\n<h5>MyoE Doris Harder<\/h5>\n<p>lebt in Wien und ist ordinierte Zen Priesterin in den Linien von Kobun Chino Otogawa Roshi und Shunryu Suzuki Roshi. Sie hat 10 Jahre in buddhistischen Kl\u00f6stern und Zentren in USA, \u00d6sterreich und in der Schweiz verbracht. Nun unterrichtet sie ebenso gern in s\u00e4kularen<br \/>Zusammenh\u00e4ngen Zen, Achtsamkeit, Ethik, Kreativit\u00e4t und \u201ewas die Welt im Innersten zusammenh\u00e4lt\u201c. Im Zweitberuf ist sie Theaterregisseurin.<\/p>\n<\/div>\n\n<hr \/>\n<p>&nbsp;<\/p>\n\n\n<p class=\"has-white-color has-text-color has-link-color wp-elements-1d85d24c049c46cc210bc65eceffc23d\">gsoaih\u00f6agi<\/p>\n\n\n\n<p class=\"has-white-color has-text-color has-link-color wp-elements-8994ec9b60dbe100179271cd03c1ac43\">Buddhistische Akademie<\/p>\n\n\n\n<p class=\"has-white-color has-text-color has-link-color wp-elements-8994ec9b60dbe100179271cd03c1ac43\">Buddhistische Akademie<\/p>\n","protected":false},"excerpt":{"rendered":"<p>22. Januar 2026 Das Satipatthana Sutra&nbsp;und der Aufbau des Gehirns Dorle Lommatzsch online via ZoomDonnerstag 19-21 UhrEintritt: 10 Euro, erm. 5 Euro Herzlich willkommen zu dieser gemeinsamen Reise in die Welt der Achtsamkeit.Wenn wir meditieren, richten wir unsere Aufmerksamkeit auf K\u00f6rper, Atem, Gef\u00fchle und Gedanken&nbsp; \u2013 und pl\u00f6tzlich beginnen innere Prozesse und Zusammenh\u00e4nge, die sonst [&hellip;]<\/p>\n","protected":false},"author":1,"featured_media":0,"parent":0,"menu_order":0,"comment_status":"closed","ping_status":"closed","template":"","meta":{"footnotes":""},"class_list":["post-5263","page","type-page","status-publish","hentry"],"yoast_head":"<!-- This site is optimized with the Yoast SEO plugin v25.3.1 - https:\/\/yoast.com\/wordpress\/plugins\/seo\/ -->\n<title>Veranstaltungen 2026 - Buddhistische Akademie Berlin-Brandenburg<\/title>\n<meta name=\"description\" content=\"Veranstaltungen, Vortr\u00e4ge der Buddhistischen Akademie 2026\" \/>\n<meta name=\"robots\" content=\"noindex, follow\" \/>\n<meta property=\"og:locale\" content=\"de_DE\" \/>\n<meta property=\"og:type\" content=\"article\" \/>\n<meta property=\"og:title\" content=\"Veranstaltungen 2026 - Buddhistische Akademie Berlin-Brandenburg\" \/>\n<meta property=\"og:description\" content=\"Veranstaltungen, Vortr\u00e4ge der Buddhistischen Akademie 2026\" \/>\n<meta property=\"og:url\" content=\"https:\/\/buddhistische-akademie-bb.de\/?page_id=5263\" \/>\n<meta property=\"og:site_name\" content=\"Buddhistische Akademie Berlin-Brandenburg\" \/>\n<meta property=\"article:publisher\" content=\"https:\/\/www.facebook.com\/profile.php?id=100009188940719\" \/>\n<meta property=\"article:modified_time\" content=\"2026-01-22T05:45:37+00:00\" \/>\n<meta property=\"og:image\" content=\"https:\/\/buddhistische-akademie-bb.de\/wp-content\/uploads\/2024\/01\/dorle-1.gif\" \/>\n\t<meta property=\"og:image:width\" content=\"150\" \/>\n\t<meta property=\"og:image:height\" content=\"188\" \/>\n\t<meta property=\"og:image:type\" content=\"image\/gif\" \/>\n<meta name=\"twitter:card\" content=\"summary_large_image\" \/>\n<meta name=\"twitter:label1\" content=\"Gesch\u00e4tzte Lesezeit\" \/>\n\t<meta name=\"twitter:data1\" content=\"4\u00a0Minuten\" \/>\n<script type=\"application\/ld+json\" class=\"yoast-schema-graph\">{\"@context\":\"https:\/\/schema.org\",\"@graph\":[{\"@type\":\"WebPage\",\"@id\":\"https:\/\/buddhistische-akademie-bb.de\/?page_id=5263\",\"url\":\"https:\/\/buddhistische-akademie-bb.de\/?page_id=5263\",\"name\":\"Veranstaltungen 2026 - Buddhistische Akademie Berlin-Brandenburg\",\"isPartOf\":{\"@id\":\"https:\/\/buddhistische-akademie-bb.de\/#website\"},\"primaryImageOfPage\":{\"@id\":\"https:\/\/buddhistische-akademie-bb.de\/?page_id=5263#primaryimage\"},\"image\":{\"@id\":\"https:\/\/buddhistische-akademie-bb.de\/?page_id=5263#primaryimage\"},\"thumbnailUrl\":\"https:\/\/buddhistische-akademie-bb.de\/wp-content\/uploads\/2024\/01\/dorle-1.gif\",\"datePublished\":\"2026-01-22T05:45:36+00:00\",\"dateModified\":\"2026-01-22T05:45:37+00:00\",\"description\":\"Veranstaltungen, Vortr\u00e4ge der Buddhistischen Akademie 2026\",\"breadcrumb\":{\"@id\":\"https:\/\/buddhistische-akademie-bb.de\/?page_id=5263#breadcrumb\"},\"inLanguage\":\"de\",\"potentialAction\":[{\"@type\":\"ReadAction\",\"target\":[\"https:\/\/buddhistische-akademie-bb.de\/?page_id=5263\"]}]},{\"@type\":\"ImageObject\",\"inLanguage\":\"de\",\"@id\":\"https:\/\/buddhistische-akademie-bb.de\/?page_id=5263#primaryimage\",\"url\":\"https:\/\/buddhistische-akademie-bb.de\/wp-content\/uploads\/2024\/01\/dorle-1.gif\",\"contentUrl\":\"https:\/\/buddhistische-akademie-bb.de\/wp-content\/uploads\/2024\/01\/dorle-1.gif\",\"width\":150,\"height\":188},{\"@type\":\"BreadcrumbList\",\"@id\":\"https:\/\/buddhistische-akademie-bb.de\/?page_id=5263#breadcrumb\",\"itemListElement\":[{\"@type\":\"ListItem\",\"position\":1,\"name\":\"Startseite\",\"item\":\"https:\/\/buddhistische-akademie-bb.de\/\"},{\"@type\":\"ListItem\",\"position\":2,\"name\":\"Veranstaltungen 2026\"}]},{\"@type\":\"WebSite\",\"@id\":\"https:\/\/buddhistische-akademie-bb.de\/#website\",\"url\":\"https:\/\/buddhistische-akademie-bb.de\/\",\"name\":\"Buddhistische Akademie Berlin-Brandenburg\",\"description\":\"\",\"publisher\":{\"@id\":\"https:\/\/buddhistische-akademie-bb.de\/#organization\"},\"potentialAction\":[{\"@type\":\"SearchAction\",\"target\":{\"@type\":\"EntryPoint\",\"urlTemplate\":\"https:\/\/buddhistische-akademie-bb.de\/?s={search_term_string}\"},\"query-input\":{\"@type\":\"PropertyValueSpecification\",\"valueRequired\":true,\"valueName\":\"search_term_string\"}}],\"inLanguage\":\"de\"},{\"@type\":\"Organization\",\"@id\":\"https:\/\/buddhistische-akademie-bb.de\/#organization\",\"name\":\"Buddhistische Akademie Berlin Brandenburg\",\"url\":\"https:\/\/buddhistische-akademie-bb.de\/\",\"logo\":{\"@type\":\"ImageObject\",\"inLanguage\":\"de\",\"@id\":\"https:\/\/buddhistische-akademie-bb.de\/#\/schema\/logo\/image\/\",\"url\":\"https:\/\/buddhistische-akademie-bb.de\/wp-content\/uploads\/2021\/05\/Logo.jpg\",\"contentUrl\":\"https:\/\/buddhistische-akademie-bb.de\/wp-content\/uploads\/2021\/05\/Logo.jpg\",\"width\":268,\"height\":260,\"caption\":\"Buddhistische Akademie Berlin Brandenburg\"},\"image\":{\"@id\":\"https:\/\/buddhistische-akademie-bb.de\/#\/schema\/logo\/image\/\"},\"sameAs\":[\"https:\/\/www.facebook.com\/profile.php?id=100009188940719\",\"https:\/\/www.youtube.com\/channel\/UCQxxUAV0IA-9FF2Icr4J6fQ\"]}]}<\/script>\n<!-- \/ Yoast SEO plugin. -->","yoast_head_json":{"title":"Veranstaltungen 2026 - Buddhistische Akademie Berlin-Brandenburg","description":"Veranstaltungen, Vortr\u00e4ge der Buddhistischen Akademie 2026","robots":{"index":"noindex","follow":"follow"},"og_locale":"de_DE","og_type":"article","og_title":"Veranstaltungen 2026 - Buddhistische Akademie Berlin-Brandenburg","og_description":"Veranstaltungen, Vortr\u00e4ge der Buddhistischen Akademie 2026","og_url":"https:\/\/buddhistische-akademie-bb.de\/?page_id=5263","og_site_name":"Buddhistische Akademie Berlin-Brandenburg","article_publisher":"https:\/\/www.facebook.com\/profile.php?id=100009188940719","article_modified_time":"2026-01-22T05:45:37+00:00","og_image":[{"width":150,"height":188,"url":"https:\/\/buddhistische-akademie-bb.de\/wp-content\/uploads\/2024\/01\/dorle-1.gif","type":"image\/gif"}],"twitter_card":"summary_large_image","twitter_misc":{"Gesch\u00e4tzte Lesezeit":"4\u00a0Minuten"},"schema":{"@context":"https:\/\/schema.org","@graph":[{"@type":"WebPage","@id":"https:\/\/buddhistische-akademie-bb.de\/?page_id=5263","url":"https:\/\/buddhistische-akademie-bb.de\/?page_id=5263","name":"Veranstaltungen 2026 - Buddhistische Akademie Berlin-Brandenburg","isPartOf":{"@id":"https:\/\/buddhistische-akademie-bb.de\/#website"},"primaryImageOfPage":{"@id":"https:\/\/buddhistische-akademie-bb.de\/?page_id=5263#primaryimage"},"image":{"@id":"https:\/\/buddhistische-akademie-bb.de\/?page_id=5263#primaryimage"},"thumbnailUrl":"https:\/\/buddhistische-akademie-bb.de\/wp-content\/uploads\/2024\/01\/dorle-1.gif","datePublished":"2026-01-22T05:45:36+00:00","dateModified":"2026-01-22T05:45:37+00:00","description":"Veranstaltungen, Vortr\u00e4ge der Buddhistischen Akademie 2026","breadcrumb":{"@id":"https:\/\/buddhistische-akademie-bb.de\/?page_id=5263#breadcrumb"},"inLanguage":"de","potentialAction":[{"@type":"ReadAction","target":["https:\/\/buddhistische-akademie-bb.de\/?page_id=5263"]}]},{"@type":"ImageObject","inLanguage":"de","@id":"https:\/\/buddhistische-akademie-bb.de\/?page_id=5263#primaryimage","url":"https:\/\/buddhistische-akademie-bb.de\/wp-content\/uploads\/2024\/01\/dorle-1.gif","contentUrl":"https:\/\/buddhistische-akademie-bb.de\/wp-content\/uploads\/2024\/01\/dorle-1.gif","width":150,"height":188},{"@type":"BreadcrumbList","@id":"https:\/\/buddhistische-akademie-bb.de\/?page_id=5263#breadcrumb","itemListElement":[{"@type":"ListItem","position":1,"name":"Startseite","item":"https:\/\/buddhistische-akademie-bb.de\/"},{"@type":"ListItem","position":2,"name":"Veranstaltungen 2026"}]},{"@type":"WebSite","@id":"https:\/\/buddhistische-akademie-bb.de\/#website","url":"https:\/\/buddhistische-akademie-bb.de\/","name":"Buddhistische Akademie Berlin-Brandenburg","description":"","publisher":{"@id":"https:\/\/buddhistische-akademie-bb.de\/#organization"},"potentialAction":[{"@type":"SearchAction","target":{"@type":"EntryPoint","urlTemplate":"https:\/\/buddhistische-akademie-bb.de\/?s={search_term_string}"},"query-input":{"@type":"PropertyValueSpecification","valueRequired":true,"valueName":"search_term_string"}}],"inLanguage":"de"},{"@type":"Organization","@id":"https:\/\/buddhistische-akademie-bb.de\/#organization","name":"Buddhistische Akademie Berlin Brandenburg","url":"https:\/\/buddhistische-akademie-bb.de\/","logo":{"@type":"ImageObject","inLanguage":"de","@id":"https:\/\/buddhistische-akademie-bb.de\/#\/schema\/logo\/image\/","url":"https:\/\/buddhistische-akademie-bb.de\/wp-content\/uploads\/2021\/05\/Logo.jpg","contentUrl":"https:\/\/buddhistische-akademie-bb.de\/wp-content\/uploads\/2021\/05\/Logo.jpg","width":268,"height":260,"caption":"Buddhistische Akademie Berlin Brandenburg"},"image":{"@id":"https:\/\/buddhistische-akademie-bb.de\/#\/schema\/logo\/image\/"},"sameAs":["https:\/\/www.facebook.com\/profile.php?id=100009188940719","https:\/\/www.youtube.com\/channel\/UCQxxUAV0IA-9FF2Icr4J6fQ"]}]}},"_links":{"self":[{"href":"https:\/\/buddhistische-akademie-bb.de\/index.php?rest_route=\/wp\/v2\/pages\/5263","targetHints":{"allow":["GET"]}}],"collection":[{"href":"https:\/\/buddhistische-akademie-bb.de\/index.php?rest_route=\/wp\/v2\/pages"}],"about":[{"href":"https:\/\/buddhistische-akademie-bb.de\/index.php?rest_route=\/wp\/v2\/types\/page"}],"author":[{"embeddable":true,"href":"https:\/\/buddhistische-akademie-bb.de\/index.php?rest_route=\/wp\/v2\/users\/1"}],"replies":[{"embeddable":true,"href":"https:\/\/buddhistische-akademie-bb.de\/index.php?rest_route=%2Fwp%2Fv2%2Fcomments&post=5263"}],"version-history":[{"count":1,"href":"https:\/\/buddhistische-akademie-bb.de\/index.php?rest_route=\/wp\/v2\/pages\/5263\/revisions"}],"predecessor-version":[{"id":5265,"href":"https:\/\/buddhistische-akademie-bb.de\/index.php?rest_route=\/wp\/v2\/pages\/5263\/revisions\/5265"}],"wp:attachment":[{"href":"https:\/\/buddhistische-akademie-bb.de\/index.php?rest_route=%2Fwp%2Fv2%2Fmedia&parent=5263"}],"curies":[{"name":"wp","href":"https:\/\/api.w.org\/{rel}","templated":true}]}}